{"id":5439,"date":"2021-11-28T22:06:11","date_gmt":"2021-11-28T22:06:11","guid":{"rendered":"https:\/\/mvngosportbranch.org\/?page_id=5439"},"modified":"2021-12-02T17:48:54","modified_gmt":"2021-12-02T17:48:54","slug":"speaker-information","status":"publish","type":"page","link":"https:\/\/mvngosportbranch.org\/es\/cpmes\/cpmes-international-conference\/speaker-information\/","title":{"rendered":"Informaci\u00f3n sobre el ponente"},"content":{"rendered":"<div data-elementor-type=\"wp-page\" data-elementor-id=\"5439\" class=\"elementor elementor-5439\">\n\t\t\t\t\t\t<section class=\"elementor-section elementor-top-section elementor-element elementor-element-557d101 elementor-section-boxed elementor-section-height-default elementor-section-height-default\" data-id=\"557d101\" data-element_type=\"section\" data-e-type=\"section\">\n\t\t\t\t\t\t<div class=\"elementor-container elementor-column-gap-default\">\n\t\t\t\t\t<div class=\"elementor-column elementor-col-100 elementor-top-column elementor-element elementor-element-3beb8a3\" data-id=\"3beb8a3\" data-element_type=\"column\" data-e-type=\"column\">\n\t\t\t<div class=\"elementor-widget-wrap elementor-element-populated\">\n\t\t\t\t\t\t<div class=\"elementor-element elementor-element-e9edff0 elementor-widget elementor-widget-menu-anchor\" data-id=\"e9edff0\" data-element_type=\"widget\" data-e-type=\"widget\" data-widget_type=\"menu-anchor.default\">\n\t\t\t\t<div class=\"elementor-widget-container\">\n\t\t\t\t\t\t\t<div class=\"elementor-menu-anchor\" id=\"speakers\"><\/div>\n\t\t\t\t\t\t<\/div>\n\t\t\t\t<\/div>\n\t\t\t\t\t<\/div>\n\t\t<\/div>\n\t\t\t\t\t<\/div>\n\t\t<\/section>\n\t\t\t\t<section class=\"elementor-section elementor-top-section elementor-element elementor-element-8255fd5 elementor-section-boxed elementor-section-height-default elementor-section-height-default\" data-id=\"8255fd5\" data-element_type=\"section\" data-e-type=\"section\">\n\t\t\t\t\t\t<div class=\"elementor-container elementor-column-gap-default\">\n\t\t\t\t\t<div class=\"elementor-column elementor-col-33 elementor-top-column elementor-element elementor-element-214b81d\" data-id=\"214b81d\" data-element_type=\"column\" data-e-type=\"column\">\n\t\t\t<div class=\"elementor-widget-wrap elementor-element-populated\">\n\t\t\t\t\t\t<div class=\"elementor-element elementor-element-a6d2cfd elementor-widget elementor-widget-image\" data-id=\"a6d2cfd\" data-element_type=\"widget\" data-e-type=\"widget\" data-widget_type=\"image.default\">\n\t\t\t\t<div class=\"elementor-widget-container\">\n\t\t\t\t\t\t\t\t\t\t\t\t<figure class=\"wp-caption\">\n\t\t\t\t\t\t\t\t\t\t<img fetchpriority=\"high\" decoding=\"async\" width=\"259\" height=\"194\" src=\"https:\/\/mvngosportbranch.org\/wp-content\/uploads\/2021\/12\/DI-FONZO.jpg\" class=\"attachment-large size-large wp-image-7383\" alt=\"\" srcset=\"https:\/\/mvngosportbranch.org\/wp-content\/uploads\/2021\/12\/DI-FONZO.jpg 259w, https:\/\/mvngosportbranch.org\/wp-content\/uploads\/2021\/12\/DI-FONZO-128x96.jpg 128w, https:\/\/mvngosportbranch.org\/wp-content\/uploads\/2021\/12\/DI-FONZO-32x24.jpg 32w\" sizes=\"(max-width: 259px) 100vw, 259px\" \/>\t\t\t\t\t\t\t\t\t\t\t<figcaption class=\"widget-image-caption wp-caption-text\">Orador 1<\/figcaption>\n\t\t\t\t\t\t\t\t\t\t<\/figure>\n\t\t\t\t\t\t\t\t\t<\/div>\n\t\t\t\t<\/div>\n\t\t\t\t<div class=\"elementor-element elementor-element-db85a38 elementor-widget elementor-widget-text-editor\" data-id=\"db85a38\" data-element_type=\"widget\" data-e-type=\"widget\" data-widget_type=\"text-editor.default\">\n\t\t\t\t<div class=\"elementor-widget-container\">\n\t\t\t\t\t\t\t\t\t<p style=\"text-align: justify;\"><span style=\"font-family: Roboto, serif;\"><strong>Luciano di Fonzo<\/strong> - Jefe Adjunto del <strong>Unidad Deportiva<\/strong><\/span><\/p><p style=\"text-align: justify;\"><span style=\"font-family: Roboto, serif;\">Agencia Ejecutiva en el \u00c1mbito Educativo, Audiovisual y Cultural (EACEA)<\/span><\/p>\t\t\t\t\t\t\t\t<\/div>\n\t\t\t\t<\/div>\n\t\t\t\t\t<\/div>\n\t\t<\/div>\n\t\t\t\t<div class=\"elementor-column elementor-col-33 elementor-top-column elementor-element elementor-element-2674950\" data-id=\"2674950\" data-element_type=\"column\" data-e-type=\"column\">\n\t\t\t<div class=\"elementor-widget-wrap elementor-element-populated\">\n\t\t\t\t\t\t<div class=\"elementor-element elementor-element-960b8e5 elementor-widget elementor-widget-image\" data-id=\"960b8e5\" data-element_type=\"widget\" data-e-type=\"widget\" data-widget_type=\"image.default\">\n\t\t\t\t<div class=\"elementor-widget-container\">\n\t\t\t\t\t\t\t\t\t\t\t\t<figure class=\"wp-caption\">\n\t\t\t\t\t\t\t\t\t\t<img decoding=\"async\" width=\"370\" height=\"370\" src=\"https:\/\/mvngosportbranch.org\/wp-content\/uploads\/2021\/12\/Mr.-Roberto-Solinas.jpg\" class=\"attachment-large size-large wp-image-7386\" alt=\"\" srcset=\"https:\/\/mvngosportbranch.org\/wp-content\/uploads\/2021\/12\/Mr.-Roberto-Solinas.jpg 370w, https:\/\/mvngosportbranch.org\/wp-content\/uploads\/2021\/12\/Mr.-Roberto-Solinas-300x300.jpg 300w, https:\/\/mvngosportbranch.org\/wp-content\/uploads\/2021\/12\/Mr.-Roberto-Solinas-150x150.jpg 150w, https:\/\/mvngosportbranch.org\/wp-content\/uploads\/2021\/12\/Mr.-Roberto-Solinas-128x128.jpg 128w, https:\/\/mvngosportbranch.org\/wp-content\/uploads\/2021\/12\/Mr.-Roberto-Solinas-32x32.jpg 32w\" sizes=\"(max-width: 370px) 100vw, 370px\" \/>\t\t\t\t\t\t\t\t\t\t\t<figcaption class=\"widget-image-caption wp-caption-text\">Orador 2<\/figcaption>\n\t\t\t\t\t\t\t\t\t\t<\/figure>\n\t\t\t\t\t\t\t\t\t<\/div>\n\t\t\t\t<\/div>\n\t\t\t\t<div class=\"elementor-element elementor-element-4622c79 elementor-widget elementor-widget-text-editor\" data-id=\"4622c79\" data-element_type=\"widget\" data-e-type=\"widget\" data-widget_type=\"text-editor.default\">\n\t\t\t\t<div class=\"elementor-widget-container\">\n\t\t\t\t\t\t\t\t\t<p style=\"text-align: justify;\"><span style=\"font-family: Roboto, serif;\"><strong>Roberto Solinas<\/strong>-\u00a0<span data-contrast=\"auto\">Presidente<\/span><span data-contrast=\"auto\">\u00a0<\/span><b><span data-contrast=\"auto\"><span style=\"font-family: Roboto, serif;\">ONG Mine Vaganti<\/span><\/span><\/b><span data-contrast=\"auto\">, <span style=\"font-family: Roboto, serif;\">Italia<\/span><span data-ccp-props=\"{\">\u00a0<\/span><\/span><\/span><\/p><p style=\"text-align: justify;\"><span data-contrast=\"auto\"><span style=\"font-family: Roboto, serif;\">Director del CMPES<\/span><span data-ccp-props=\"{\">\u00a0<\/span><\/span><\/p><p style=\"text-align: justify;\"><span data-contrast=\"auto\"><span style=\"font-family: Roboto, serif;\">Fundador, Presidente y Consejero Delegado, Gestor de Proyectos Europeos, Formador de Educaci\u00f3n Formal y No Formal y Experto en Marketing. Es el cerebro de la estrategia y el concepto de MVNGO y el responsable de todos los aspectos econ\u00f3micos. Como director del Centro de Proyectos e Investigaci\u00f3n, el Dr. Solinas es responsable de la redacci\u00f3n de todas las propuestas realizadas por MVNGO, y cuenta con una amplia experiencia en diversos campos como, por ejemplo, el emprendimiento social, el di\u00e1logo intercultural, las b\u00fasquedas medioambientales y la educaci\u00f3n a trav\u00e9s del deporte, lo que representa una ventaja para el equipo del proyecto.<\/span><span data-ccp-props=\"{\">\u00a0<\/span><\/span><\/p><p style=\"text-align: justify;\"><span data-contrast=\"auto\"><span style=\"font-family: Roboto, serif;\">El Dr. Solinas dirige el desarrollo web y la cobertura de los medios sociales de MVNGO, y se encarga de desarrollar la red transcontinental de MVNGO.<\/span><span data-ccp-props=\"{\">\u00a0<\/span><\/span><\/p>\t\t\t\t\t\t\t\t<\/div>\n\t\t\t\t<\/div>\n\t\t\t\t\t<\/div>\n\t\t<\/div>\n\t\t\t\t<div class=\"elementor-column elementor-col-33 elementor-top-column elementor-element elementor-element-69661ad\" data-id=\"69661ad\" data-element_type=\"column\" data-e-type=\"column\">\n\t\t\t<div class=\"elementor-widget-wrap elementor-element-populated\">\n\t\t\t\t\t\t<div class=\"elementor-element elementor-element-c9d2d53 elementor-widget elementor-widget-image\" data-id=\"c9d2d53\" data-element_type=\"widget\" data-e-type=\"widget\" data-widget_type=\"image.default\">\n\t\t\t\t<div class=\"elementor-widget-container\">\n\t\t\t\t\t\t\t\t\t\t\t\t<figure class=\"wp-caption\">\n\t\t\t\t\t\t\t\t\t\t<img decoding=\"async\" width=\"350\" height=\"350\" src=\"https:\/\/mvngosportbranch.org\/wp-content\/uploads\/2021\/12\/Mrs.-Maria-Grazia-Pirina.png\" class=\"attachment-large size-large wp-image-7392\" alt=\"\" srcset=\"https:\/\/mvngosportbranch.org\/wp-content\/uploads\/2021\/12\/Mrs.-Maria-Grazia-Pirina.png 350w, https:\/\/mvngosportbranch.org\/wp-content\/uploads\/2021\/12\/Mrs.-Maria-Grazia-Pirina-300x300.png 300w, https:\/\/mvngosportbranch.org\/wp-content\/uploads\/2021\/12\/Mrs.-Maria-Grazia-Pirina-150x150.png 150w, https:\/\/mvngosportbranch.org\/wp-content\/uploads\/2021\/12\/Mrs.-Maria-Grazia-Pirina-128x128.png 128w, https:\/\/mvngosportbranch.org\/wp-content\/uploads\/2021\/12\/Mrs.-Maria-Grazia-Pirina-32x32.png 32w\" sizes=\"(max-width: 350px) 100vw, 350px\" \/>\t\t\t\t\t\t\t\t\t\t\t<figcaption class=\"widget-image-caption wp-caption-text\">Orador 3<\/figcaption>\n\t\t\t\t\t\t\t\t\t\t<\/figure>\n\t\t\t\t\t\t\t\t\t<\/div>\n\t\t\t\t<\/div>\n\t\t\t\t<div class=\"elementor-element elementor-element-6b232af elementor-widget elementor-widget-text-editor\" data-id=\"6b232af\" data-element_type=\"widget\" data-e-type=\"widget\" data-widget_type=\"text-editor.default\">\n\t\t\t\t<div class=\"elementor-widget-container\">\n\t\t\t\t\t\t\t\t\t<p style=\"text-align: justify;\"><b><span data-contrast=\"auto\"><span style=\"font-family: Roboto, serif;\">Dra. Maria Grazia Pirina<\/span><\/span><\/b><span data-contrast=\"auto\"><span style=\"font-family: Roboto, serif;\">- Vicepresidente,\u00a0<\/span><b><span data-contrast=\"auto\"><span style=\"font-family: Roboto, serif;\">ONG Mine Vaganti<\/span><\/span><\/b><span data-contrast=\"auto\"><span style=\"font-family: Roboto, serif;\">Italia<\/span><\/span><\/span><\/p><p style=\"text-align: justify;\"><span data-contrast=\"auto\"><span style=\"font-family: Roboto, serif;\">Cofundadora, Vicepresidenta, Directora de Proyectos Europeos, Formadora, Relaciones P\u00fablicas y Experta en Comunicaci\u00f3n. La Dra. Pirina coordina las principales actividades de MVNGO en el campo de la acogida de formaci\u00f3n profesional, voluntarios europeos (ESC), nacionales (SCU) y movilidad juvenil global.<\/span><\/span><\/p>\t\t\t\t\t\t\t\t<\/div>\n\t\t\t\t<\/div>\n\t\t\t\t\t<\/div>\n\t\t<\/div>\n\t\t\t\t\t<\/div>\n\t\t<\/section>\n\t\t\t\t<section class=\"elementor-section elementor-top-section elementor-element elementor-element-2b10b59 elementor-section-boxed elementor-section-height-default elementor-section-height-default\" data-id=\"2b10b59\" data-element_type=\"section\" data-e-type=\"section\">\n\t\t\t\t\t\t<div class=\"elementor-container elementor-column-gap-default\">\n\t\t\t\t\t<div class=\"elementor-column elementor-col-33 elementor-top-column elementor-element elementor-element-9b8e154\" data-id=\"9b8e154\" data-element_type=\"column\" data-e-type=\"column\">\n\t\t\t<div class=\"elementor-widget-wrap elementor-element-populated\">\n\t\t\t\t\t\t<div class=\"elementor-element elementor-element-b2cb460 elementor-widget elementor-widget-image\" data-id=\"b2cb460\" data-element_type=\"widget\" data-e-type=\"widget\" data-widget_type=\"image.default\">\n\t\t\t\t<div class=\"elementor-widget-container\">\n\t\t\t\t\t\t\t\t\t\t\t\t<figure class=\"wp-caption\">\n\t\t\t\t\t\t\t\t\t\t<img loading=\"lazy\" decoding=\"async\" width=\"688\" height=\"790\" src=\"https:\/\/mvngosportbranch.org\/wp-content\/uploads\/2021\/12\/Christo-Velkov-photo.png\" class=\"attachment-large size-large wp-image-7398\" alt=\"\" srcset=\"https:\/\/mvngosportbranch.org\/wp-content\/uploads\/2021\/12\/Christo-Velkov-photo.png 688w, https:\/\/mvngosportbranch.org\/wp-content\/uploads\/2021\/12\/Christo-Velkov-photo-261x300.png 261w, https:\/\/mvngosportbranch.org\/wp-content\/uploads\/2021\/12\/Christo-Velkov-photo-111x128.png 111w, https:\/\/mvngosportbranch.org\/wp-content\/uploads\/2021\/12\/Christo-Velkov-photo-28x32.png 28w\" sizes=\"(max-width: 688px) 100vw, 688px\" \/>\t\t\t\t\t\t\t\t\t\t\t<figcaption class=\"widget-image-caption wp-caption-text\">Orador 4<\/figcaption>\n\t\t\t\t\t\t\t\t\t\t<\/figure>\n\t\t\t\t\t\t\t\t\t<\/div>\n\t\t\t\t<\/div>\n\t\t\t\t<div class=\"elementor-element elementor-element-377a123 elementor-widget elementor-widget-text-editor\" data-id=\"377a123\" data-element_type=\"widget\" data-e-type=\"widget\" data-widget_type=\"text-editor.default\">\n\t\t\t\t<div class=\"elementor-widget-container\">\n\t\t\t\t\t\t\t\t\t<p style=\"text-align: justify;\"><span style=\"font-family: Roboto, serif;\"><strong>Dr. Christo Velkov<\/strong> - <span style=\"font-size: 12pt;\"><span style=\"font-family: Roboto, serif;\">Vicepresidente <strong>Estrat\u00e9gico\u00a0<\/strong><\/span><\/span><\/span><strong><span style=\"font-size: 12pt;\"><span style=\"font-family: Roboto, serif;\">Desarrollo Special Olympics Europa Regi\u00f3n Eurasia<\/span><\/span><\/strong><\/p><p style=\"text-align: justify;\"><span style=\"font-size: 12pt;\"><span lang=\"it-IT\"><span style=\"font-family: Roboto, serif;\">Christo Velkov es un experimentado activista de la sociedad civil y la filantrop\u00eda. Nacido en Bulgaria, particip\u00f3 en movimientos estudiantiles prodemocr\u00e1ticos que condujeron a la ca\u00edda del Muro de Berl\u00edn. Tras cursar estudios empresariales en Bruselas, inici\u00f3 su carrera profesional en el Centro Europeo de Fundaciones como primer Secretario de Grantmakers East. Posteriormente, ha ocupado altos cargos en la Fundaci\u00f3n EurActiv y en la German Marshall Fund of the United States.<\/span><\/span><\/span><\/p>\t\t\t\t\t\t\t\t<\/div>\n\t\t\t\t<\/div>\n\t\t\t\t\t<\/div>\n\t\t<\/div>\n\t\t\t\t<div class=\"elementor-column elementor-col-33 elementor-top-column elementor-element elementor-element-c698448\" data-id=\"c698448\" data-element_type=\"column\" data-e-type=\"column\">\n\t\t\t<div class=\"elementor-widget-wrap elementor-element-populated\">\n\t\t\t\t\t\t<div class=\"elementor-element elementor-element-1da8bfd elementor-widget elementor-widget-image\" data-id=\"1da8bfd\" data-element_type=\"widget\" data-e-type=\"widget\" data-widget_type=\"image.default\">\n\t\t\t\t<div class=\"elementor-widget-container\">\n\t\t\t\t\t\t\t\t\t\t\t\t<figure class=\"wp-caption\">\n\t\t\t\t\t\t\t\t\t\t<img loading=\"lazy\" decoding=\"async\" width=\"1024\" height=\"1024\" src=\"https:\/\/mvngosportbranch.org\/wp-content\/uploads\/2021\/12\/Logo_cpmes_verticale_Tavola-disegno-1-1024x1024.jpg\" class=\"attachment-large size-large wp-image-6549\" alt=\"\" srcset=\"https:\/\/mvngosportbranch.org\/wp-content\/uploads\/2021\/12\/Logo_cpmes_verticale_Tavola-disegno-1-1024x1024.jpg 1024w, https:\/\/mvngosportbranch.org\/wp-content\/uploads\/2021\/12\/Logo_cpmes_verticale_Tavola-disegno-1-300x300.jpg 300w, https:\/\/mvngosportbranch.org\/wp-content\/uploads\/2021\/12\/Logo_cpmes_verticale_Tavola-disegno-1-150x150.jpg 150w, https:\/\/mvngosportbranch.org\/wp-content\/uploads\/2021\/12\/Logo_cpmes_verticale_Tavola-disegno-1-768x768.jpg 768w, https:\/\/mvngosportbranch.org\/wp-content\/uploads\/2021\/12\/Logo_cpmes_verticale_Tavola-disegno-1-1536x1536.jpg 1536w, https:\/\/mvngosportbranch.org\/wp-content\/uploads\/2021\/12\/Logo_cpmes_verticale_Tavola-disegno-1-2048x2048.jpg 2048w, https:\/\/mvngosportbranch.org\/wp-content\/uploads\/2021\/12\/Logo_cpmes_verticale_Tavola-disegno-1-128x128.jpg 128w, https:\/\/mvngosportbranch.org\/wp-content\/uploads\/2021\/12\/Logo_cpmes_verticale_Tavola-disegno-1-32x32.jpg 32w\" sizes=\"(max-width: 1024px) 100vw, 1024px\" \/>\t\t\t\t\t\t\t\t\t\t\t<figcaption class=\"widget-image-caption wp-caption-text\">Orador 5<\/figcaption>\n\t\t\t\t\t\t\t\t\t\t<\/figure>\n\t\t\t\t\t\t\t\t\t<\/div>\n\t\t\t\t<\/div>\n\t\t\t\t<div class=\"elementor-element elementor-element-9e7ef28 elementor-widget elementor-widget-text-editor\" data-id=\"9e7ef28\" data-element_type=\"widget\" data-e-type=\"widget\" data-widget_type=\"text-editor.default\">\n\t\t\t\t<div class=\"elementor-widget-container\">\n\t\t\t\t\t\t\t\t\t<p style=\"text-align: justify;\"><span style=\"font-size: medium;\"><b><span style=\"font-family: Roboto, serif;\">Alessandro<\/span><\/b><\/span><b> <\/b><span style=\"font-size: medium;\"><b><span style=\"font-family: Roboto, serif;\">Corrias - <\/span><\/b><\/span><span style=\"font-size: medium;\"><span style=\"font-family: Roboto, serif;\">Representante institucional<\/span><\/span><\/p><p style=\"text-align: justify;\"><span style=\"font-size: medium;\"><span style=\"font-family: Roboto, serif;\">Regi\u00f3n Aut\u00f3noma de Cerde\u00f1a <\/span><\/span><\/p><p style=\"text-align: justify;\"><span style=\"font-family: Arial, serif;\"><span style=\"font-size: small;\"><span style=\"font-family: Roboto, serif;\"><span style=\"font-size: 12pt;\">Alessandro tiene experiencia superior en el Servicio de Pol\u00edticas para la Educaci\u00f3n Superior y la Juventud en la Regione Autonoma della Sardegna<\/span>.<\/span><\/span><\/span><\/p>\t\t\t\t\t\t\t\t<\/div>\n\t\t\t\t<\/div>\n\t\t\t\t\t<\/div>\n\t\t<\/div>\n\t\t\t\t<div class=\"elementor-column elementor-col-33 elementor-top-column elementor-element elementor-element-c28dc08\" data-id=\"c28dc08\" data-element_type=\"column\" data-e-type=\"column\">\n\t\t\t<div class=\"elementor-widget-wrap elementor-element-populated\">\n\t\t\t\t\t\t<div class=\"elementor-element elementor-element-7f359c4 elementor-widget elementor-widget-image\" data-id=\"7f359c4\" data-element_type=\"widget\" data-e-type=\"widget\" data-widget_type=\"image.default\">\n\t\t\t\t<div class=\"elementor-widget-container\">\n\t\t\t\t\t\t\t\t\t\t\t\t<figure class=\"wp-caption\">\n\t\t\t\t\t\t\t\t\t\t<img loading=\"lazy\" decoding=\"async\" width=\"1024\" height=\"1024\" src=\"https:\/\/mvngosportbranch.org\/wp-content\/uploads\/2021\/12\/Logo_cpmes_verticale_Tavola-disegno-1-1024x1024.jpg\" class=\"attachment-large size-large wp-image-6549\" alt=\"\" srcset=\"https:\/\/mvngosportbranch.org\/wp-content\/uploads\/2021\/12\/Logo_cpmes_verticale_Tavola-disegno-1-1024x1024.jpg 1024w, https:\/\/mvngosportbranch.org\/wp-content\/uploads\/2021\/12\/Logo_cpmes_verticale_Tavola-disegno-1-300x300.jpg 300w, https:\/\/mvngosportbranch.org\/wp-content\/uploads\/2021\/12\/Logo_cpmes_verticale_Tavola-disegno-1-150x150.jpg 150w, https:\/\/mvngosportbranch.org\/wp-content\/uploads\/2021\/12\/Logo_cpmes_verticale_Tavola-disegno-1-768x768.jpg 768w, https:\/\/mvngosportbranch.org\/wp-content\/uploads\/2021\/12\/Logo_cpmes_verticale_Tavola-disegno-1-1536x1536.jpg 1536w, https:\/\/mvngosportbranch.org\/wp-content\/uploads\/2021\/12\/Logo_cpmes_verticale_Tavola-disegno-1-2048x2048.jpg 2048w, https:\/\/mvngosportbranch.org\/wp-content\/uploads\/2021\/12\/Logo_cpmes_verticale_Tavola-disegno-1-128x128.jpg 128w, https:\/\/mvngosportbranch.org\/wp-content\/uploads\/2021\/12\/Logo_cpmes_verticale_Tavola-disegno-1-32x32.jpg 32w\" sizes=\"(max-width: 1024px) 100vw, 1024px\" \/>\t\t\t\t\t\t\t\t\t\t\t<figcaption class=\"widget-image-caption wp-caption-text\">Orador 6<\/figcaption>\n\t\t\t\t\t\t\t\t\t\t<\/figure>\n\t\t\t\t\t\t\t\t\t<\/div>\n\t\t\t\t<\/div>\n\t\t\t\t<div class=\"elementor-element elementor-element-a9327c2 elementor-widget elementor-widget-text-editor\" data-id=\"a9327c2\" data-element_type=\"widget\" data-e-type=\"widget\" data-widget_type=\"text-editor.default\">\n\t\t\t\t<div class=\"elementor-widget-container\">\n\t\t\t\t\t\t\t\t\t<p style=\"text-align: justify;\"><a name=\"_Hlk88147392\"><\/a><span style=\"font-family: Roboto, serif;\"> Prof. <b>Antonio S\u00e1nchez Pato <\/b>(Doctorado)<b> <\/b>- Catedr\u00e1tico de Ciencias del Deporte, Catedr\u00e1tico de Filosof\u00eda del Deporte Decano de la Facultad de Deporte, <b>Universidad Cat\u00f3lica de Murcia (UCAM),<\/b> Espa\u00f1a<\/span><\/p><p style=\"text-align: justify;\"><span style=\"font-family: Roboto, serif; font-size: 12pt;\"><span style=\"font-family: Roboto, serif;\">Catedr\u00e1tico de Filosof\u00eda del Deporte, Catedr\u00e1tico de Fundamentos Socioculturales e Hist\u00f3ricos del Deporte; Educaci\u00f3n en Valores del Deporte y Olimpismo; el Prof. S\u00e1nchez particip\u00f3\/participa en 30 proyectos de investigaci\u00f3n (de los cuales 9 como investigador principal) dentro de convocatorias p\u00fablicas competitivas.<\/span><\/span><\/p>\t\t\t\t\t\t\t\t<\/div>\n\t\t\t\t<\/div>\n\t\t\t\t\t<\/div>\n\t\t<\/div>\n\t\t\t\t\t<\/div>\n\t\t<\/section>\n\t\t\t\t<section class=\"elementor-section elementor-top-section elementor-element elementor-element-20036e5 elementor-section-boxed elementor-section-height-default elementor-section-height-default\" data-id=\"20036e5\" data-element_type=\"section\" data-e-type=\"section\">\n\t\t\t\t\t\t<div class=\"elementor-container elementor-column-gap-default\">\n\t\t\t\t\t<div class=\"elementor-column elementor-col-33 elementor-top-column elementor-element elementor-element-2b485e2\" data-id=\"2b485e2\" data-element_type=\"column\" data-e-type=\"column\">\n\t\t\t<div class=\"elementor-widget-wrap elementor-element-populated\">\n\t\t\t\t\t\t<div class=\"elementor-element elementor-element-d047a3b elementor-widget elementor-widget-image\" data-id=\"d047a3b\" data-element_type=\"widget\" data-e-type=\"widget\" data-widget_type=\"image.default\">\n\t\t\t\t<div class=\"elementor-widget-container\">\n\t\t\t\t\t\t\t\t\t\t\t\t<figure class=\"wp-caption\">\n\t\t\t\t\t\t\t\t\t\t<img loading=\"lazy\" decoding=\"async\" width=\"412\" height=\"550\" src=\"https:\/\/mvngosportbranch.org\/wp-content\/uploads\/2021\/12\/Garcia.png\" class=\"attachment-large size-large wp-image-7401\" alt=\"\" srcset=\"https:\/\/mvngosportbranch.org\/wp-content\/uploads\/2021\/12\/Garcia.png 412w, https:\/\/mvngosportbranch.org\/wp-content\/uploads\/2021\/12\/Garcia-225x300.png 225w, https:\/\/mvngosportbranch.org\/wp-content\/uploads\/2021\/12\/Garcia-96x128.png 96w, https:\/\/mvngosportbranch.org\/wp-content\/uploads\/2021\/12\/Garcia-24x32.png 24w\" sizes=\"(max-width: 412px) 100vw, 412px\" \/>\t\t\t\t\t\t\t\t\t\t\t<figcaption class=\"widget-image-caption wp-caption-text\">Orador 7<\/figcaption>\n\t\t\t\t\t\t\t\t\t\t<\/figure>\n\t\t\t\t\t\t\t\t\t<\/div>\n\t\t\t\t<\/div>\n\t\t\t\t<div class=\"elementor-element elementor-element-f93e0e0 elementor-widget elementor-widget-text-editor\" data-id=\"f93e0e0\" data-element_type=\"widget\" data-e-type=\"widget\" data-widget_type=\"text-editor.default\">\n\t\t\t\t<div class=\"elementor-widget-container\">\n\t\t\t\t\t\t\t\t\t<p style=\"text-align: justify;\"><a name=\"_Hlk88310393\"><\/a> <span style=\"font-family: Roboto, serif;\"><span style=\"font-size: medium;\"><b>Dra. Lourdes Mero\u00f1o Garc\u00eda - <\/b><\/span><\/span><span style=\"font-family: Roboto, serif;\"><span style=\"font-size: medium;\"> Coordinador principal, <\/span><\/span><span lang=\"en\">Investigador en educaci\u00f3n f\u00edsica y salud<\/span><span style=\"font-family: Roboto, serif;\"><span style=\"font-size: medium;\">, <\/span><\/span><\/p><p style=\"text-align: justify;\"><span lang=\"en\">Departamento de Ciencias de la Actividad F\u00edsica y el Deporte.<\/span> <span style=\"font-family: Roboto, serif;\"><span style=\"font-size: medium;\">Facultad de Deportes <\/span><\/span><\/p><p style=\"text-align: justify;\"><span style=\"font-family: Roboto, serif;\"><span style=\"font-size: medium;\"><b>Universidad Cat\u00f3lica de Murcia <\/b><\/span><\/span><span style=\"font-family: Roboto, serif;\"><span style=\"font-size: medium;\">(UCAM)<\/span><\/span><span style=\"font-family: Calibri, serif;\"><span style=\"font-size: medium;\"><b>,<\/b><\/span><\/span><span style=\"font-family: Roboto, serif;\"><span style=\"font-size: medium;\"> Espa\u00f1a<\/span><\/span><\/p><p style=\"text-align: justify;\"><span style=\"font-family: Roboto, serif;\"><span style=\"font-size: medium;\"><span style=\"font-family: Roboto, serif;\"><span style=\"font-size: medium;\">Lourdes Mero\u00f1o Garc\u00eda es educadora formada en ciencias del deporte y actividad f\u00edsica. Actualmente trabaja como coordinadora de Master e investigadora en la Facultad de Deportes de la Universidad Cat\u00f3lica de Murcia (UCAM). Tiene m\u00e1s de 20 art\u00edculos publicados en el campo de las Ciencias de la Actividad F\u00edsica y el Deporte.<\/span><\/span><\/span><\/span><\/p>\t\t\t\t\t\t\t\t<\/div>\n\t\t\t\t<\/div>\n\t\t\t\t\t<\/div>\n\t\t<\/div>\n\t\t\t\t<div class=\"elementor-column elementor-col-33 elementor-top-column elementor-element elementor-element-68692c8\" data-id=\"68692c8\" data-element_type=\"column\" data-e-type=\"column\">\n\t\t\t<div class=\"elementor-widget-wrap elementor-element-populated\">\n\t\t\t\t\t\t<div class=\"elementor-element elementor-element-774459c elementor-widget elementor-widget-image\" data-id=\"774459c\" data-element_type=\"widget\" data-e-type=\"widget\" data-widget_type=\"image.default\">\n\t\t\t\t<div class=\"elementor-widget-container\">\n\t\t\t\t\t\t\t\t\t\t\t\t<figure class=\"wp-caption\">\n\t\t\t\t\t\t\t\t\t\t<img loading=\"lazy\" decoding=\"async\" width=\"1024\" height=\"583\" src=\"https:\/\/mvngosportbranch.org\/wp-content\/uploads\/2021\/12\/257789792_584955956061589_6818883081883108618_n-1024x583.png\" class=\"attachment-large size-large wp-image-7425\" alt=\"\" srcset=\"https:\/\/mvngosportbranch.org\/wp-content\/uploads\/2021\/12\/257789792_584955956061589_6818883081883108618_n-1024x583.png 1024w, https:\/\/mvngosportbranch.org\/wp-content\/uploads\/2021\/12\/257789792_584955956061589_6818883081883108618_n-300x171.png 300w, https:\/\/mvngosportbranch.org\/wp-content\/uploads\/2021\/12\/257789792_584955956061589_6818883081883108618_n-768x437.png 768w, https:\/\/mvngosportbranch.org\/wp-content\/uploads\/2021\/12\/257789792_584955956061589_6818883081883108618_n-1536x874.png 1536w, https:\/\/mvngosportbranch.org\/wp-content\/uploads\/2021\/12\/257789792_584955956061589_6818883081883108618_n-128x73.png 128w, https:\/\/mvngosportbranch.org\/wp-content\/uploads\/2021\/12\/257789792_584955956061589_6818883081883108618_n-32x18.png 32w, https:\/\/mvngosportbranch.org\/wp-content\/uploads\/2021\/12\/257789792_584955956061589_6818883081883108618_n.png 1748w\" sizes=\"(max-width: 1024px) 100vw, 1024px\" \/>\t\t\t\t\t\t\t\t\t\t\t<figcaption class=\"widget-image-caption wp-caption-text\">Altavoz 8<\/figcaption>\n\t\t\t\t\t\t\t\t\t\t<\/figure>\n\t\t\t\t\t\t\t\t\t<\/div>\n\t\t\t\t<\/div>\n\t\t\t\t<div class=\"elementor-element elementor-element-68bc26e elementor-widget elementor-widget-text-editor\" data-id=\"68bc26e\" data-element_type=\"widget\" data-e-type=\"widget\" data-widget_type=\"text-editor.default\">\n\t\t\t\t<div class=\"elementor-widget-container\">\n\t\t\t\t\t\t\t\t\t<p style=\"text-align: justify;\"><span style=\"font-size: medium;\"><span style=\"font-family: Roboto, serif;\">Prof. <\/span><span style=\"font-size: medium;\"><b>Barbara Mazza <\/b><\/span><span style=\"font-size: medium;\"><span style=\"font-family: Roboto, serif;\">- Presidente<\/span><\/span><\/span><\/p><p style=\"text-align: justify;\"><span style=\"font-size: medium;\"><span style=\"font-family: Roboto, serif;\"><b>La capacitaci\u00f3n de los inmigrantes en la gesti\u00f3n deportiva<\/b><\/span><\/span><\/p><p style=\"text-align: justify;\"><span style=\"font-size: medium;\"><span style=\"font-family: Roboto, serif;\">Organizaci\u00f3n y marketing de la comunicaci\u00f3n empresarial<\/span><b> <\/b><span style=\"font-size: medium;\"><span style=\"font-family: Roboto, serif;\">(CDLM), <\/span><span style=\"font-size: medium;\"><span style=\"font-family: Roboto, serif;\">Italia <\/span><\/span><\/span><\/span><\/p><p style=\"text-align: justify;\" align=\"justify\"><span style=\"font-size: medium;\"><span style=\"font-family: Roboto, serif;\">Director - Master Comunicaci\u00f3n y Gesti\u00f3n Eventos Deportivos (CMES), <\/span><\/span><\/p><p style=\"text-align: justify;\" align=\"justify\"><span style=\"font-size: medium;\"><span style=\"font-family: Roboto, serif;\">Miembro asesor y gestor de cuentas Centros deportivos<\/span><span style=\"font-size: medium;\"><b><span style=\"font-family: Roboto, serif;\">Sapienza Universita' di Roma<\/span><\/b><\/span><span style=\"font-size: medium;\"><span style=\"font-family: Roboto, serif;\">Italia<\/span><\/span><\/span><\/p><p style=\"text-align: justify;\"><span style=\"font-family: Roboto, serif;\"><span style=\"font-size: medium;\"><span style=\"font-family: Roboto, serif;\"><span style=\"font-size: medium;\">Presidente de CDLM i Organizaci\u00f3n y Marketing para la comunicaci\u00f3n empresarial, Director del master CMES (Comunicaci\u00f3n y gesti\u00f3n de eventos deportivos), Director de Comunicaci\u00f3n del Centro de Servicios Deportivos de la Sapienza, Sapienza Sport y miembro del consejo de administraci\u00f3n, miembro de la comisi\u00f3n de colocaci\u00f3n de la Universidad, miembro de IRIS, International Research Netowork of Sport Tourism.<\/span><\/span><\/span><\/span><\/p>\t\t\t\t\t\t\t\t<\/div>\n\t\t\t\t<\/div>\n\t\t\t\t\t<\/div>\n\t\t<\/div>\n\t\t\t\t<div class=\"elementor-column elementor-col-33 elementor-top-column elementor-element elementor-element-59346a8\" data-id=\"59346a8\" data-element_type=\"column\" data-e-type=\"column\">\n\t\t\t<div class=\"elementor-widget-wrap elementor-element-populated\">\n\t\t\t\t\t\t<div class=\"elementor-element elementor-element-ebe7f3b elementor-widget elementor-widget-image\" data-id=\"ebe7f3b\" data-element_type=\"widget\" data-e-type=\"widget\" data-widget_type=\"image.default\">\n\t\t\t\t<div class=\"elementor-widget-container\">\n\t\t\t\t\t\t\t\t\t\t\t\t<figure class=\"wp-caption\">\n\t\t\t\t\t\t\t\t\t\t<img loading=\"lazy\" decoding=\"async\" width=\"960\" height=\"960\" src=\"https:\/\/mvngosportbranch.org\/wp-content\/uploads\/2021\/12\/TOTONI.jpg\" class=\"attachment-large size-large wp-image-7428\" alt=\"\" srcset=\"https:\/\/mvngosportbranch.org\/wp-content\/uploads\/2021\/12\/TOTONI.jpg 960w, https:\/\/mvngosportbranch.org\/wp-content\/uploads\/2021\/12\/TOTONI-300x300.jpg 300w, https:\/\/mvngosportbranch.org\/wp-content\/uploads\/2021\/12\/TOTONI-150x150.jpg 150w, https:\/\/mvngosportbranch.org\/wp-content\/uploads\/2021\/12\/TOTONI-768x768.jpg 768w, https:\/\/mvngosportbranch.org\/wp-content\/uploads\/2021\/12\/TOTONI-128x128.jpg 128w, https:\/\/mvngosportbranch.org\/wp-content\/uploads\/2021\/12\/TOTONI-32x32.jpg 32w\" sizes=\"(max-width: 960px) 100vw, 960px\" \/>\t\t\t\t\t\t\t\t\t\t\t<figcaption class=\"widget-image-caption wp-caption-text\">Orador 9<\/figcaption>\n\t\t\t\t\t\t\t\t\t\t<\/figure>\n\t\t\t\t\t\t\t\t\t<\/div>\n\t\t\t\t<\/div>\n\t\t\t\t<div class=\"elementor-element elementor-element-512399c elementor-widget elementor-widget-text-editor\" data-id=\"512399c\" data-element_type=\"widget\" data-e-type=\"widget\" data-widget_type=\"text-editor.default\">\n\t\t\t\t<div class=\"elementor-widget-container\">\n\t\t\t\t\t\t\t\t\t<p style=\"text-align: justify;\"><span style=\"font-size: medium;\"><span style=\"font-family: Roboto, serif;\"><b>Giovanni Antonio Sanna <\/b><\/span><span style=\"font-size: medium;\"><span style=\"font-family: Roboto, serif;\">- Miembro del Consejo <\/span><span style=\"font-size: medium;\"><span style=\"font-family: Roboto, serif;\"><b>Federaci\u00f3n Mundial de B\u00e9isbol<\/b><\/span><span style=\"font-size: medium;\"><span style=\"font-family: Roboto, serif;\">, Suiza<\/span><\/p>\n<p style=\"text-align: justify;\" align=\"justify\"><span style=\"font-family: Roboto, serif;\"><span style=\"font-size: medium;\">El Sr. Sanna cuenta con treinta a\u00f1os de experiencia en relaciones comerciales en diversos sectores. Posee un excelente conocimiento del sector y los acontecimientos deportivos nacionales e internacionales. Actualmente es miembro de la comisi\u00f3n del Torneo Mundial de Softbol, que se disputa en Lausana (Suiza) <\/span><\/span><\/p>\n<p style=\"text-align: justify;\" align=\"justify\"><span style=\"font-family: Roboto, serif;\"><span style=\"font-size: medium;\">Es director de proyectos y copropietario del Club de Softbol de Nuoro, y fue miembro de la junta directiva de la Federaci\u00f3n Italiana (FIBS) y de la Federaci\u00f3n Europea de Softbol de B\u00e9isbol.<\/span><\/span><\/p>\n<p style=\"text-align: justify;\"><\/p>\t\t\t\t\t\t\t\t<\/div>\n\t\t\t\t<\/div>\n\t\t\t\t\t<\/div>\n\t\t<\/div>\n\t\t\t\t\t<\/div>\n\t\t<\/section>\n\t\t\t\t<section class=\"elementor-section elementor-top-section elementor-element elementor-element-7e82ac7 elementor-section-boxed elementor-section-height-default elementor-section-height-default\" data-id=\"7e82ac7\" data-element_type=\"section\" data-e-type=\"section\">\n\t\t\t\t\t\t<div class=\"elementor-container elementor-column-gap-default\">\n\t\t\t\t\t<div class=\"elementor-column elementor-col-33 elementor-top-column elementor-element elementor-element-19ebfc8\" data-id=\"19ebfc8\" data-element_type=\"column\" data-e-type=\"column\">\n\t\t\t<div class=\"elementor-widget-wrap elementor-element-populated\">\n\t\t\t\t\t\t<div class=\"elementor-element elementor-element-86e16fc elementor-widget elementor-widget-image\" data-id=\"86e16fc\" data-element_type=\"widget\" data-e-type=\"widget\" data-widget_type=\"image.default\">\n\t\t\t\t<div class=\"elementor-widget-container\">\n\t\t\t\t\t\t\t\t\t\t\t\t<figure class=\"wp-caption\">\n\t\t\t\t\t\t\t\t\t\t<img loading=\"lazy\" decoding=\"async\" width=\"399\" height=\"335\" src=\"https:\/\/mvngosportbranch.org\/wp-content\/uploads\/2021\/12\/ALEXANDRA-VASINA_.jpg\" class=\"attachment-large size-large wp-image-7431\" alt=\"\" srcset=\"https:\/\/mvngosportbranch.org\/wp-content\/uploads\/2021\/12\/ALEXANDRA-VASINA_.jpg 399w, https:\/\/mvngosportbranch.org\/wp-content\/uploads\/2021\/12\/ALEXANDRA-VASINA_-300x252.jpg 300w, https:\/\/mvngosportbranch.org\/wp-content\/uploads\/2021\/12\/ALEXANDRA-VASINA_-128x107.jpg 128w, https:\/\/mvngosportbranch.org\/wp-content\/uploads\/2021\/12\/ALEXANDRA-VASINA_-32x27.jpg 32w\" sizes=\"(max-width: 399px) 100vw, 399px\" \/>\t\t\t\t\t\t\t\t\t\t\t<figcaption class=\"widget-image-caption wp-caption-text\">Orador 10<\/figcaption>\n\t\t\t\t\t\t\t\t\t\t<\/figure>\n\t\t\t\t\t\t\t\t\t<\/div>\n\t\t\t\t<\/div>\n\t\t\t\t<div class=\"elementor-element elementor-element-891d522 elementor-widget elementor-widget-text-editor\" data-id=\"891d522\" data-element_type=\"widget\" data-e-type=\"widget\" data-widget_type=\"text-editor.default\">\n\t\t\t\t<div class=\"elementor-widget-container\">\n\t\t\t\t\t\t\t\t\t<p style=\"text-align: justify;\"><span style=\"font-family: Roboto, serif;\"><strong>Alexandra Vasina<\/strong>\u00a0-<span style=\"font-family: Roboto, serif;\">Anterior\u00a0<span style=\"font-family: Roboto, serif;\">Atleta ol\u00edmpica y campeona del mundo de nataci\u00f3n sincronizada, entrenadora de nataci\u00f3n sincronizada, monitora de gimnasia acu\u00e1tica, club ASD Nuoto, Italia.<\/span><\/span><\/span><\/p><p style=\"text-align: justify;\"><span style=\"font-family: Roboto, serif;\">Ex Jefa del departamento de marketing del Grupo Bosco di Ciliegi y del departamento BoscoSport, en Mosc\u00fa. Es licenciada en Sociolog\u00eda con especializaci\u00f3n en Comunicaci\u00f3n por la Universidad Estatal de Mosc\u00fa, y en Cultura F\u00edsica y Deportes por la Universidad Estatal Rusa de Educaci\u00f3n F\u00edsica, Deporte, Juventud y Turismo, Mosc\u00fa (Rusia).\u00a0<\/span><\/p>\t\t\t\t\t\t\t\t<\/div>\n\t\t\t\t<\/div>\n\t\t\t\t\t<\/div>\n\t\t<\/div>\n\t\t\t\t<div class=\"elementor-column elementor-col-33 elementor-top-column elementor-element elementor-element-78fe9ee\" data-id=\"78fe9ee\" data-element_type=\"column\" data-e-type=\"column\">\n\t\t\t<div class=\"elementor-widget-wrap elementor-element-populated\">\n\t\t\t\t\t\t<div class=\"elementor-element elementor-element-be1ac69 elementor-widget elementor-widget-image\" data-id=\"be1ac69\" data-element_type=\"widget\" data-e-type=\"widget\" data-widget_type=\"image.default\">\n\t\t\t\t<div class=\"elementor-widget-container\">\n\t\t\t\t\t\t\t\t\t\t\t\t<figure class=\"wp-caption\">\n\t\t\t\t\t\t\t\t\t\t<img loading=\"lazy\" decoding=\"async\" width=\"252\" height=\"250\" src=\"https:\/\/mvngosportbranch.org\/wp-content\/uploads\/2021\/12\/Pedro-Diaz.png\" class=\"attachment-large size-large wp-image-7434\" alt=\"\" srcset=\"https:\/\/mvngosportbranch.org\/wp-content\/uploads\/2021\/12\/Pedro-Diaz.png 252w, https:\/\/mvngosportbranch.org\/wp-content\/uploads\/2021\/12\/Pedro-Diaz-150x150.png 150w, https:\/\/mvngosportbranch.org\/wp-content\/uploads\/2021\/12\/Pedro-Diaz-128x128.png 128w, https:\/\/mvngosportbranch.org\/wp-content\/uploads\/2021\/12\/Pedro-Diaz-32x32.png 32w\" sizes=\"(max-width: 252px) 100vw, 252px\" \/>\t\t\t\t\t\t\t\t\t\t\t<figcaption class=\"widget-image-caption wp-caption-text\">Orador 11<\/figcaption>\n\t\t\t\t\t\t\t\t\t\t<\/figure>\n\t\t\t\t\t\t\t\t\t<\/div>\n\t\t\t\t<\/div>\n\t\t\t\t<div class=\"elementor-element elementor-element-8312be8 elementor-widget elementor-widget-text-editor\" data-id=\"8312be8\" data-element_type=\"widget\" data-e-type=\"widget\" data-widget_type=\"text-editor.default\">\n\t\t\t\t<div class=\"elementor-widget-container\">\n\t\t\t\t\t\t\t\t\t<p style=\"text-align: justify;\"><span style=\"font-size: medium;\"><span style=\"font-family: Roboto, serif;\"><b>Dr. Pedro Daniel Castelo Branco Miranda Dias<\/b><\/span><span style=\"font-size: medium;\"> - <\/span><span style=\"font-size: medium;\"><span style=\"font-family: Roboto, serif;\"><b>Atleta ol\u00edmpico<\/b><\/span><\/p>\n<p style=\"text-align: justify;\"><span style=\"font-size: medium;\"><span style=\"font-family: Roboto, serif;\">MEMOS Alumni y Director de <\/span><span style=\"font-size: medium;\"><span style=\"font-family: Roboto, serif;\"><b>Alianza para la Evoluci\u00f3n Deportiva<\/b><\/span><\/p>\n<p style=\"text-align: justify;\" align=\"justify\"><span style=\"font-family: Roboto, serif;\"><span style=\"font-size: medium;\">Dr: Dias es Judoca Ol\u00edmpico, con amplia experiencia en el Programa Erasmus + Deporte, principalmente como gestor de proyectos. Es licenciado en Gesti\u00f3n y Administraci\u00f3n Deportiva y finaliz\u00f3 con \u00e9xito el Executive<\/span><\/span><\/p>\n<p style=\"text-align: justify;\" align=\"justify\"><span style=\"font-family: Roboto, serif;\"><span style=\"font-size: medium;\">M\u00e1ster en Gesti\u00f3n de Organizaciones Deportivas (MEMOS) del Comit\u00e9 Ol\u00edmpico Internacional<\/span><\/span><\/p>\n<p style=\"text-align: justify;\" align=\"justify\"><span style=\"font-family: Roboto, serif;\"><span style=\"font-size: medium;\">Experto en la organizaci\u00f3n de eventos multideportivos a escala nacional e internacional, el Dr. Dias es miembro de la Asociaci\u00f3n Portuguesa de Atletas Ol\u00edmpicos, la Academia Ol\u00edmpica y el Club de Panatl\u00f3n de Lisboa.<\/span><\/span><\/p>\t\t\t\t\t\t\t\t<\/div>\n\t\t\t\t<\/div>\n\t\t\t\t\t<\/div>\n\t\t<\/div>\n\t\t\t\t<div class=\"elementor-column elementor-col-33 elementor-top-column elementor-element elementor-element-1a1fea4\" data-id=\"1a1fea4\" data-element_type=\"column\" data-e-type=\"column\">\n\t\t\t<div class=\"elementor-widget-wrap elementor-element-populated\">\n\t\t\t\t\t\t<div class=\"elementor-element elementor-element-0a913d2 elementor-widget elementor-widget-image\" data-id=\"0a913d2\" data-element_type=\"widget\" data-e-type=\"widget\" data-widget_type=\"image.default\">\n\t\t\t\t<div class=\"elementor-widget-container\">\n\t\t\t\t\t\t\t\t\t\t\t\t<figure class=\"wp-caption\">\n\t\t\t\t\t\t\t\t\t\t<img loading=\"lazy\" decoding=\"async\" width=\"116\" height=\"96\" src=\"https:\/\/mvngosportbranch.org\/wp-content\/uploads\/2021\/12\/RafaelTimon-Andrada.png\" class=\"attachment-large size-large wp-image-7437\" alt=\"\" srcset=\"https:\/\/mvngosportbranch.org\/wp-content\/uploads\/2021\/12\/RafaelTimon-Andrada.png 116w, https:\/\/mvngosportbranch.org\/wp-content\/uploads\/2021\/12\/RafaelTimon-Andrada-32x26.png 32w\" sizes=\"(max-width: 116px) 100vw, 116px\" \/>\t\t\t\t\t\t\t\t\t\t\t<figcaption class=\"widget-image-caption wp-caption-text\">Orador 12<\/figcaption>\n\t\t\t\t\t\t\t\t\t\t<\/figure>\n\t\t\t\t\t\t\t\t\t<\/div>\n\t\t\t\t<\/div>\n\t\t\t\t<div class=\"elementor-element elementor-element-01191a2 elementor-widget elementor-widget-text-editor\" data-id=\"01191a2\" data-element_type=\"widget\" data-e-type=\"widget\" data-widget_type=\"text-editor.default\">\n\t\t\t\t<div class=\"elementor-widget-container\">\n\t\t\t\t\t\t\t\t\t<p style=\"text-align: justify;\"><span style=\"font-family: Roboto, serif;\"><span style=\"font-size: medium;\">Prof.<\/span><\/span><span style=\"font-family: Roboto, serif;\"><span style=\"font-size: medium;\"><b><span style=\"font-family: Roboto, serif;\"> Rafael Tim\u00f3n Andrada<\/b><\/span><\/span><span style=\"font-family: Roboto, serif;\"><span style=\"font-size: medium;\"> Doctorado - <\/span><\/span><span style=\"font-family: Roboto, serif;\"><span style=\"font-size: medium;\"><span lang=\"en-GB\">Profesor titular en <\/span><\/span><\/span><span style=\"font-family: Roboto, serif;\"><span style=\"font-size: medium;\">Facultad de Ciencias del Deporte <\/span><\/span><\/p>\n<p style=\"text-align: justify;\"><span style=\"font-family: Roboto, serif;\"><span style=\"font-size: medium;\"><b>Universidad de Extremadura <\/b><\/span><\/span><span style=\"font-family: Roboto, serif;\"><span style=\"font-size: medium;\">(UNEX)<\/span><\/span><span style=\"font-family: Roboto, serif;\"><span style=\"font-size: medium;\">. Espa\u00f1a<\/span><\/span><\/p>\n<p style=\"text-align: justify;\" align=\"justify\"><span style=\"font-family: Roboto, serif;\"><span style=\"font-size: small;\">El Prof. Rafael Tim\u00f3n Andrada es Doctor en Fisiolog\u00eda del Ejercicio por la Universidad de Extremadura. Realiz\u00f3 la licenciatura en Ciencias del Deporte en Andrada y posee el certificado de Docencia <\/span><\/span><span style=\"font-family: Roboto, serif;\"><span style=\"font-size: small;\">(Postgrado).<\/span><\/span> <span style=\"font-family: Roboto, serif;\"><span style=\"font-size: small;\">Andrada es profesora asociada de investigaci\u00f3n en la Manchester Metropolitan University (Inglaterra) (junio-agosto de 2006) y en el Sport and Health Research Center (Evora, Portugal) (junio-agosto de 2007).<\/span><\/span><\/p>\n<p style=\"text-align: justify;\" align=\"justify\"><\/p>\t\t\t\t\t\t\t\t<\/div>\n\t\t\t\t<\/div>\n\t\t\t\t\t<\/div>\n\t\t<\/div>\n\t\t\t\t\t<\/div>\n\t\t<\/section>\n\t\t\t\t<section class=\"elementor-section elementor-top-section elementor-element elementor-element-9fb6ded elementor-section-boxed elementor-section-height-default elementor-section-height-default\" data-id=\"9fb6ded\" data-element_type=\"section\" data-e-type=\"section\">\n\t\t\t\t\t\t<div class=\"elementor-container elementor-column-gap-default\">\n\t\t\t\t\t<div class=\"elementor-column elementor-col-33 elementor-top-column elementor-element elementor-element-05ac68d\" data-id=\"05ac68d\" data-element_type=\"column\" data-e-type=\"column\">\n\t\t\t<div class=\"elementor-widget-wrap elementor-element-populated\">\n\t\t\t\t\t\t<div class=\"elementor-element elementor-element-e0e5caf elementor-widget elementor-widget-image\" data-id=\"e0e5caf\" data-element_type=\"widget\" data-e-type=\"widget\" data-widget_type=\"image.default\">\n\t\t\t\t<div class=\"elementor-widget-container\">\n\t\t\t\t\t\t\t\t\t\t\t\t<figure class=\"wp-caption\">\n\t\t\t\t\t\t\t\t\t\t<img loading=\"lazy\" decoding=\"async\" width=\"200\" height=\"200\" src=\"https:\/\/mvngosportbranch.org\/wp-content\/uploads\/2021\/12\/BrunoAvelar-Rosa.jpg\" class=\"attachment-large size-large wp-image-7440\" alt=\"\" srcset=\"https:\/\/mvngosportbranch.org\/wp-content\/uploads\/2021\/12\/BrunoAvelar-Rosa.jpg 200w, https:\/\/mvngosportbranch.org\/wp-content\/uploads\/2021\/12\/BrunoAvelar-Rosa-150x150.jpg 150w, https:\/\/mvngosportbranch.org\/wp-content\/uploads\/2021\/12\/BrunoAvelar-Rosa-128x128.jpg 128w, https:\/\/mvngosportbranch.org\/wp-content\/uploads\/2021\/12\/BrunoAvelar-Rosa-32x32.jpg 32w\" sizes=\"(max-width: 200px) 100vw, 200px\" \/>\t\t\t\t\t\t\t\t\t\t\t<figcaption class=\"widget-image-caption wp-caption-text\">Orador 13<\/figcaption>\n\t\t\t\t\t\t\t\t\t\t<\/figure>\n\t\t\t\t\t\t\t\t\t<\/div>\n\t\t\t\t<\/div>\n\t\t\t\t<div class=\"elementor-element elementor-element-a6fa229 elementor-widget elementor-widget-text-editor\" data-id=\"a6fa229\" data-element_type=\"widget\" data-e-type=\"widget\" data-widget_type=\"text-editor.default\">\n\t\t\t\t<div class=\"elementor-widget-container\">\n\t\t\t\t\t\t\t\t\t<p style=\"text-align: justify;\"><span style=\"font-size: medium;\"><span style=\"font-family: Roboto, serif;\">Prof.<\/span><b> <\/b><span style=\"font-size: medium;\"><span style=\"font-family: Roboto, serif;\"><b>Bruno Avelar Rosa <\/b><\/span><span style=\"font-size: medium;\"><span style=\"font-family: Roboto, serif;\">Doctorado<\/span><span style=\"font-size: medium;\"><span style=\"font-family: Roboto, serif;\">- Qantara Deportes<\/b><\/span><\/span><\/p>\n<p style=\"text-align: justify;\"><span style=\"font-size: medium;\"><span style=\"font-family: Roboto, serif;\">Profesor visitante en la <\/span><span style=\"font-size: medium;\"><span style=\"font-family: Roboto, serif;\"><b>Universidad de Coimbra<\/b><\/span><span style=\"font-size: medium;\"><span style=\"font-family: Roboto, serif;\"> (Portugal)<\/span><\/p>\n<p style=\"text-align: justify;\" align=\"justify\"><span style=\"font-family: Roboto, serif;\"><span style=\"font-size: medium;\">Bruno Avelar Rosa es socio principal de Qantara Sports, una consultora especializada en la industria del deporte que trabaja apoyando a organizaciones p\u00fablicas y privadas, principalmente en Oriente Medio, Asia, Europa y \u00c1frica, en la consecuci\u00f3n de sus objetivos. Con sede en Portugal, asesora a una amplia gama de clientes internacionales. Las \u00e1reas de especializaci\u00f3n de Bruno son la pol\u00edtica deportiva, el desarrollo del deporte y la educaci\u00f3n deportiva.<\/span><\/span><\/p>\t\t\t\t\t\t\t\t<\/div>\n\t\t\t\t<\/div>\n\t\t\t\t\t<\/div>\n\t\t<\/div>\n\t\t\t\t<div class=\"elementor-column elementor-col-33 elementor-top-column elementor-element elementor-element-0bdbc25\" data-id=\"0bdbc25\" data-element_type=\"column\" data-e-type=\"column\">\n\t\t\t<div class=\"elementor-widget-wrap elementor-element-populated\">\n\t\t\t\t\t\t<div class=\"elementor-element elementor-element-e893408 elementor-widget elementor-widget-image\" data-id=\"e893408\" data-element_type=\"widget\" data-e-type=\"widget\" data-widget_type=\"image.default\">\n\t\t\t\t<div class=\"elementor-widget-container\">\n\t\t\t\t\t\t\t\t\t\t\t\t<figure class=\"wp-caption\">\n\t\t\t\t\t\t\t\t\t\t<img loading=\"lazy\" decoding=\"async\" width=\"1024\" height=\"1024\" src=\"https:\/\/mvngosportbranch.org\/wp-content\/uploads\/2021\/12\/Logo_cpmes_verticale_Tavola-disegno-1-1024x1024.jpg\" class=\"attachment-large size-large wp-image-6549\" alt=\"\" srcset=\"https:\/\/mvngosportbranch.org\/wp-content\/uploads\/2021\/12\/Logo_cpmes_verticale_Tavola-disegno-1-1024x1024.jpg 1024w, https:\/\/mvngosportbranch.org\/wp-content\/uploads\/2021\/12\/Logo_cpmes_verticale_Tavola-disegno-1-300x300.jpg 300w, https:\/\/mvngosportbranch.org\/wp-content\/uploads\/2021\/12\/Logo_cpmes_verticale_Tavola-disegno-1-150x150.jpg 150w, https:\/\/mvngosportbranch.org\/wp-content\/uploads\/2021\/12\/Logo_cpmes_verticale_Tavola-disegno-1-768x768.jpg 768w, https:\/\/mvngosportbranch.org\/wp-content\/uploads\/2021\/12\/Logo_cpmes_verticale_Tavola-disegno-1-1536x1536.jpg 1536w, https:\/\/mvngosportbranch.org\/wp-content\/uploads\/2021\/12\/Logo_cpmes_verticale_Tavola-disegno-1-2048x2048.jpg 2048w, https:\/\/mvngosportbranch.org\/wp-content\/uploads\/2021\/12\/Logo_cpmes_verticale_Tavola-disegno-1-128x128.jpg 128w, https:\/\/mvngosportbranch.org\/wp-content\/uploads\/2021\/12\/Logo_cpmes_verticale_Tavola-disegno-1-32x32.jpg 32w\" sizes=\"(max-width: 1024px) 100vw, 1024px\" \/>\t\t\t\t\t\t\t\t\t\t\t<figcaption class=\"widget-image-caption wp-caption-text\">Orador 14<\/figcaption>\n\t\t\t\t\t\t\t\t\t\t<\/figure>\n\t\t\t\t\t\t\t\t\t<\/div>\n\t\t\t\t<\/div>\n\t\t\t\t<div class=\"elementor-element elementor-element-002485c elementor-widget elementor-widget-text-editor\" data-id=\"002485c\" data-element_type=\"widget\" data-e-type=\"widget\" data-widget_type=\"text-editor.default\">\n\t\t\t\t<div class=\"elementor-widget-container\">\n\t\t\t\t\t\t\t\t\t<p style=\"text-align: justify;\"><span style=\"font-size: medium;\"><span style=\"font-family: Roboto, serif;\"><b>Carlos De C\u00e1rcer Hurtado-<\/b><\/span><\/span><span style=\"font-size: medium;\"><span style=\"font-family: Roboto, serif;\"> Director<\/span><\/span><b> <\/b><\/p>\n<p style=\"text-align: justify;\"><span style=\"font-size: medium;\"><span style=\"font-family: Roboto, serif;\"><b>Mundo en movimiento <\/b><\/span><\/span><span style=\"font-size: medium;\"><span style=\"font-family: Roboto, serif;\">un programa para integrar a los refugiados mediante actividades relacionadas con el f\u00fatbol(Espa\u00f1a)<\/span><\/span><\/p>\t\t\t\t\t\t\t\t<\/div>\n\t\t\t\t<\/div>\n\t\t\t\t\t<\/div>\n\t\t<\/div>\n\t\t\t\t<div class=\"elementor-column elementor-col-33 elementor-top-column elementor-element elementor-element-dd46a46\" data-id=\"dd46a46\" data-element_type=\"column\" data-e-type=\"column\">\n\t\t\t<div class=\"elementor-widget-wrap elementor-element-populated\">\n\t\t\t\t\t\t<div class=\"elementor-element elementor-element-9cb9728 elementor-widget elementor-widget-image\" data-id=\"9cb9728\" data-element_type=\"widget\" data-e-type=\"widget\" data-widget_type=\"image.default\">\n\t\t\t\t<div class=\"elementor-widget-container\">\n\t\t\t\t\t\t\t\t\t\t\t\t<figure class=\"wp-caption\">\n\t\t\t\t\t\t\t\t\t\t<img loading=\"lazy\" decoding=\"async\" width=\"1024\" height=\"1024\" src=\"https:\/\/mvngosportbranch.org\/wp-content\/uploads\/2021\/12\/Logo_cpmes_verticale_Tavola-disegno-1-1024x1024.jpg\" class=\"attachment-large size-large wp-image-6549\" alt=\"\" srcset=\"https:\/\/mvngosportbranch.org\/wp-content\/uploads\/2021\/12\/Logo_cpmes_verticale_Tavola-disegno-1-1024x1024.jpg 1024w, https:\/\/mvngosportbranch.org\/wp-content\/uploads\/2021\/12\/Logo_cpmes_verticale_Tavola-disegno-1-300x300.jpg 300w, https:\/\/mvngosportbranch.org\/wp-content\/uploads\/2021\/12\/Logo_cpmes_verticale_Tavola-disegno-1-150x150.jpg 150w, https:\/\/mvngosportbranch.org\/wp-content\/uploads\/2021\/12\/Logo_cpmes_verticale_Tavola-disegno-1-768x768.jpg 768w, https:\/\/mvngosportbranch.org\/wp-content\/uploads\/2021\/12\/Logo_cpmes_verticale_Tavola-disegno-1-1536x1536.jpg 1536w, https:\/\/mvngosportbranch.org\/wp-content\/uploads\/2021\/12\/Logo_cpmes_verticale_Tavola-disegno-1-2048x2048.jpg 2048w, https:\/\/mvngosportbranch.org\/wp-content\/uploads\/2021\/12\/Logo_cpmes_verticale_Tavola-disegno-1-128x128.jpg 128w, https:\/\/mvngosportbranch.org\/wp-content\/uploads\/2021\/12\/Logo_cpmes_verticale_Tavola-disegno-1-32x32.jpg 32w\" sizes=\"(max-width: 1024px) 100vw, 1024px\" \/>\t\t\t\t\t\t\t\t\t\t\t<figcaption class=\"widget-image-caption wp-caption-text\">Orador 15<\/figcaption>\n\t\t\t\t\t\t\t\t\t\t<\/figure>\n\t\t\t\t\t\t\t\t\t<\/div>\n\t\t\t\t<\/div>\n\t\t\t\t<div class=\"elementor-element elementor-element-0b1cbc9 elementor-widget elementor-widget-text-editor\" data-id=\"0b1cbc9\" data-element_type=\"widget\" data-e-type=\"widget\" data-widget_type=\"text-editor.default\">\n\t\t\t\t<div class=\"elementor-widget-container\">\n\t\t\t\t\t\t\t\t\t<p style=\"text-align: justify;\"><span style=\"font-size: medium;\"><span style=\"font-family: Roboto, serif;\"><b>Dr. Cheikhna Fadel Oto\u00f1o -<\/b><\/span><\/span><span style=\"font-size: medium;\"><span style=\"font-family: Roboto, serif;\"> Director de programaci\u00f3n, <\/span><\/span><span style=\"font-size: medium;\"><span style=\"font-family: Roboto, serif;\"><b>Laboratorio del futuro<\/b><\/span><\/span><span style=\"font-size: medium;\"><span style=\"font-family: Roboto, serif;\">(Italia)<\/span><\/p>\t\t\t\t\t\t\t\t<\/div>\n\t\t\t\t<\/div>\n\t\t\t\t\t<\/div>\n\t\t<\/div>\n\t\t\t\t\t<\/div>\n\t\t<\/section>\n\t\t\t\t<section class=\"elementor-section elementor-top-section elementor-element elementor-element-3917b18 elementor-section-boxed elementor-section-height-default elementor-section-height-default\" data-id=\"3917b18\" data-element_type=\"section\" data-e-type=\"section\">\n\t\t\t\t\t\t<div class=\"elementor-container elementor-column-gap-default\">\n\t\t\t\t\t<div class=\"elementor-column elementor-col-33 elementor-top-column elementor-element elementor-element-c3fc461\" data-id=\"c3fc461\" data-element_type=\"column\" data-e-type=\"column\">\n\t\t\t<div class=\"elementor-widget-wrap elementor-element-populated\">\n\t\t\t\t\t\t<div class=\"elementor-element elementor-element-b0ea149 elementor-widget elementor-widget-image\" data-id=\"b0ea149\" data-element_type=\"widget\" data-e-type=\"widget\" data-widget_type=\"image.default\">\n\t\t\t\t<div class=\"elementor-widget-container\">\n\t\t\t\t\t\t\t\t\t\t\t\t<figure class=\"wp-caption\">\n\t\t\t\t\t\t\t\t\t\t<img loading=\"lazy\" decoding=\"async\" width=\"200\" height=\"200\" src=\"https:\/\/mvngosportbranch.org\/wp-content\/uploads\/2021\/12\/Marco-Miotti.jpg\" class=\"attachment-large size-large wp-image-7443\" alt=\"\" srcset=\"https:\/\/mvngosportbranch.org\/wp-content\/uploads\/2021\/12\/Marco-Miotti.jpg 200w, https:\/\/mvngosportbranch.org\/wp-content\/uploads\/2021\/12\/Marco-Miotti-150x150.jpg 150w, https:\/\/mvngosportbranch.org\/wp-content\/uploads\/2021\/12\/Marco-Miotti-128x128.jpg 128w, https:\/\/mvngosportbranch.org\/wp-content\/uploads\/2021\/12\/Marco-Miotti-32x32.jpg 32w\" sizes=\"(max-width: 200px) 100vw, 200px\" \/>\t\t\t\t\t\t\t\t\t\t\t<figcaption class=\"widget-image-caption wp-caption-text\">Orador 16<\/figcaption>\n\t\t\t\t\t\t\t\t\t\t<\/figure>\n\t\t\t\t\t\t\t\t\t<\/div>\n\t\t\t\t<\/div>\n\t\t\t\t<div class=\"elementor-element elementor-element-bfb4799 elementor-widget elementor-widget-text-editor\" data-id=\"bfb4799\" data-element_type=\"widget\" data-e-type=\"widget\" data-widget_type=\"text-editor.default\">\n\t\t\t\t<div class=\"elementor-widget-container\">\n\t\t\t\t\t\t\t\t\t<p style=\"text-align: justify;\"><span style=\"font-size: medium;\"><span style=\"font-family: Roboto, serif;\"><b>Marco Miotti -<\/b><\/span><\/span><span style=\"font-size: medium;\"><span style=\"font-family: Roboto, serif;\">Representante del departamento de Eventos Deportivos en <b>Federaci\u00f3n Italiana de Voleibol<\/b><b> <\/b><span style=\"font-size: medium;\">(FIPAV)<\/span><\/span><\/p>\n<p style=\"text-align: justify;\"><\/p>\n<p align=\"justify\"><span style=\"font-family: Roboto, serif;\"><span style=\"font-size: medium;\">Director de equipo con experiencia demostrada en el sector deportivo. Profesional de apoyo competente en planificaci\u00f3n de eventos, gesti\u00f3n deportiva, entrenamiento, publicidad e italiano.<\/span><\/span><\/p>\t\t\t\t\t\t\t\t<\/div>\n\t\t\t\t<\/div>\n\t\t\t\t\t<\/div>\n\t\t<\/div>\n\t\t\t\t<div class=\"elementor-column elementor-col-33 elementor-top-column elementor-element elementor-element-19e7ca2\" data-id=\"19e7ca2\" data-element_type=\"column\" data-e-type=\"column\">\n\t\t\t<div class=\"elementor-widget-wrap elementor-element-populated\">\n\t\t\t\t\t\t<div class=\"elementor-element elementor-element-3480cd2 elementor-widget elementor-widget-image\" data-id=\"3480cd2\" data-element_type=\"widget\" data-e-type=\"widget\" data-widget_type=\"image.default\">\n\t\t\t\t<div class=\"elementor-widget-container\">\n\t\t\t\t\t\t\t\t\t\t\t\t<figure class=\"wp-caption\">\n\t\t\t\t\t\t\t\t\t\t<img loading=\"lazy\" decoding=\"async\" width=\"1024\" height=\"1024\" src=\"https:\/\/mvngosportbranch.org\/wp-content\/uploads\/2021\/12\/Logo_cpmes_verticale_Tavola-disegno-1-1024x1024.jpg\" class=\"attachment-large size-large wp-image-6549\" alt=\"\" srcset=\"https:\/\/mvngosportbranch.org\/wp-content\/uploads\/2021\/12\/Logo_cpmes_verticale_Tavola-disegno-1-1024x1024.jpg 1024w, https:\/\/mvngosportbranch.org\/wp-content\/uploads\/2021\/12\/Logo_cpmes_verticale_Tavola-disegno-1-300x300.jpg 300w, https:\/\/mvngosportbranch.org\/wp-content\/uploads\/2021\/12\/Logo_cpmes_verticale_Tavola-disegno-1-150x150.jpg 150w, https:\/\/mvngosportbranch.org\/wp-content\/uploads\/2021\/12\/Logo_cpmes_verticale_Tavola-disegno-1-768x768.jpg 768w, https:\/\/mvngosportbranch.org\/wp-content\/uploads\/2021\/12\/Logo_cpmes_verticale_Tavola-disegno-1-1536x1536.jpg 1536w, https:\/\/mvngosportbranch.org\/wp-content\/uploads\/2021\/12\/Logo_cpmes_verticale_Tavola-disegno-1-2048x2048.jpg 2048w, https:\/\/mvngosportbranch.org\/wp-content\/uploads\/2021\/12\/Logo_cpmes_verticale_Tavola-disegno-1-128x128.jpg 128w, https:\/\/mvngosportbranch.org\/wp-content\/uploads\/2021\/12\/Logo_cpmes_verticale_Tavola-disegno-1-32x32.jpg 32w\" sizes=\"(max-width: 1024px) 100vw, 1024px\" \/>\t\t\t\t\t\t\t\t\t\t\t<figcaption class=\"widget-image-caption wp-caption-text\">Orador 17<\/figcaption>\n\t\t\t\t\t\t\t\t\t\t<\/figure>\n\t\t\t\t\t\t\t\t\t<\/div>\n\t\t\t\t<\/div>\n\t\t\t\t<div class=\"elementor-element elementor-element-64c7a89 elementor-widget elementor-widget-text-editor\" data-id=\"64c7a89\" data-element_type=\"widget\" data-e-type=\"widget\" data-widget_type=\"text-editor.default\">\n\t\t\t\t<div class=\"elementor-widget-container\">\n\t\t\t\t\t\t\t\t\t<p style=\"text-align: justify;\"><span style=\"font-size: medium;\"><span style=\"font-family: Roboto, serif;\"><b>Giampiero Barrocu <\/b><span style=\"font-size: medium;\"><span style=\"font-family: Roboto, serif;\">- Director, <\/span><\/span><span style=\"font-size: medium;\"><span style=\"font-family: Roboto, serif;\"><b>Uni\u00f3n Italiana Sport per Tutti <\/b><span style=\"font-size: medium;\"><span style=\"font-family: Roboto, serif;\">(UISP) -<span style=\"font-size: medium;\"><span style=\"font-family: Roboto, serif;\"><b>Sassari<\/b><\/span><\/p>\n<p style=\"text-align: justify;\"><span style=\"font-family: Roboto, serif;\">Jefe del \u00e1rea de formaci\u00f3n del comit\u00e9 territorial de la UISP de Sassari, licenciado en lenguas y literaturas extranjeras y especializado con un m\u00e1ster en gesti\u00f3n de recursos humanos.<\/p>\n<p style=\"text-align: justify;\"><span style=\"font-family: Roboto, serif;\">Trabaja para el sector de Medio Ambiente del Ayuntamiento de Sassari, se ocupa de actividades de comunicaci\u00f3n y sensibilizaci\u00f3n.<\/span><\/p>\t\t\t\t\t\t\t\t<\/div>\n\t\t\t\t<\/div>\n\t\t\t\t\t<\/div>\n\t\t<\/div>\n\t\t\t\t<div class=\"elementor-column elementor-col-33 elementor-top-column elementor-element elementor-element-dcd9cf1\" data-id=\"dcd9cf1\" data-element_type=\"column\" data-e-type=\"column\">\n\t\t\t<div class=\"elementor-widget-wrap elementor-element-populated\">\n\t\t\t\t\t\t<div class=\"elementor-element elementor-element-0265557 elementor-widget elementor-widget-image\" data-id=\"0265557\" data-element_type=\"widget\" data-e-type=\"widget\" data-widget_type=\"image.default\">\n\t\t\t\t<div class=\"elementor-widget-container\">\n\t\t\t\t\t\t\t\t\t\t\t\t<figure class=\"wp-caption\">\n\t\t\t\t\t\t\t\t\t\t<img loading=\"lazy\" decoding=\"async\" width=\"200\" height=\"200\" src=\"https:\/\/mvngosportbranch.org\/wp-content\/uploads\/2021\/12\/Andrea-Budroni.jpg\" class=\"attachment-large size-large wp-image-7446\" alt=\"\" srcset=\"https:\/\/mvngosportbranch.org\/wp-content\/uploads\/2021\/12\/Andrea-Budroni.jpg 200w, https:\/\/mvngosportbranch.org\/wp-content\/uploads\/2021\/12\/Andrea-Budroni-150x150.jpg 150w, https:\/\/mvngosportbranch.org\/wp-content\/uploads\/2021\/12\/Andrea-Budroni-128x128.jpg 128w, https:\/\/mvngosportbranch.org\/wp-content\/uploads\/2021\/12\/Andrea-Budroni-32x32.jpg 32w\" sizes=\"(max-width: 200px) 100vw, 200px\" \/>\t\t\t\t\t\t\t\t\t\t\t<figcaption class=\"widget-image-caption wp-caption-text\">Orador 18<\/figcaption>\n\t\t\t\t\t\t\t\t\t\t<\/figure>\n\t\t\t\t\t\t\t\t\t<\/div>\n\t\t\t\t<\/div>\n\t\t\t\t<div class=\"elementor-element elementor-element-5c933f0 elementor-widget elementor-widget-text-editor\" data-id=\"5c933f0\" data-element_type=\"widget\" data-e-type=\"widget\" data-widget_type=\"text-editor.default\">\n\t\t\t\t<div class=\"elementor-widget-container\">\n\t\t\t\t\t\t\t\t\t<p style=\"text-align: justify;\"><span style=\"font-size: medium;\"><span style=\"font-family: Roboto, serif;\"><b>Dr. Andrea Budroni<\/b><span style=\"font-size: medium;\"><span style=\"font-family: Roboto, serif;\"> - Presidente, <\/span><span style=\"font-size: medium;\"><span style=\"font-family: Roboto, serif;\"><b>FC Sassari Torres Femminile<\/b><\/span><\/p>\n<p style=\"text-align: justify;\"><span style=\"font-family: Roboto, serif;\"><span style=\"font-size: medium;\">Andrea, que tiene amplios y excelentes conocimientos y experiencia en deportes y gesti\u00f3n, se uni\u00f3 a Torres Femminile en 2015 y se convirti\u00f3 en el director de este equipo. Con las actividades y pasos que ha dado, siempre est\u00e1 abierto a desarrollarse cada vez m\u00e1s en su campo y a compartir sus experiencias con los dem\u00e1s.<\/span><\/span><\/p>\t\t\t\t\t\t\t\t<\/div>\n\t\t\t\t<\/div>\n\t\t\t\t\t<\/div>\n\t\t<\/div>\n\t\t\t\t\t<\/div>\n\t\t<\/section>\n\t\t\t\t<section class=\"elementor-section elementor-top-section elementor-element elementor-element-8206ee5 elementor-section-boxed elementor-section-height-default elementor-section-height-default\" data-id=\"8206ee5\" data-element_type=\"section\" data-e-type=\"section\">\n\t\t\t\t\t\t<div class=\"elementor-container elementor-column-gap-default\">\n\t\t\t\t\t<div class=\"elementor-column elementor-col-33 elementor-top-column elementor-element elementor-element-3af5537\" data-id=\"3af5537\" data-element_type=\"column\" data-e-type=\"column\">\n\t\t\t<div class=\"elementor-widget-wrap elementor-element-populated\">\n\t\t\t\t\t\t<div class=\"elementor-element elementor-element-1d77d54 elementor-widget elementor-widget-image\" data-id=\"1d77d54\" data-element_type=\"widget\" data-e-type=\"widget\" data-widget_type=\"image.default\">\n\t\t\t\t<div class=\"elementor-widget-container\">\n\t\t\t\t\t\t\t\t\t\t\t\t<figure class=\"wp-caption\">\n\t\t\t\t\t\t\t\t\t\t<img loading=\"lazy\" decoding=\"async\" width=\"200\" height=\"200\" src=\"https:\/\/mvngosportbranch.org\/wp-content\/uploads\/2021\/12\/Boeddu.jpg\" class=\"attachment-large size-large wp-image-7449\" alt=\"\" srcset=\"https:\/\/mvngosportbranch.org\/wp-content\/uploads\/2021\/12\/Boeddu.jpg 200w, https:\/\/mvngosportbranch.org\/wp-content\/uploads\/2021\/12\/Boeddu-150x150.jpg 150w, https:\/\/mvngosportbranch.org\/wp-content\/uploads\/2021\/12\/Boeddu-128x128.jpg 128w, https:\/\/mvngosportbranch.org\/wp-content\/uploads\/2021\/12\/Boeddu-32x32.jpg 32w\" sizes=\"(max-width: 200px) 100vw, 200px\" \/>\t\t\t\t\t\t\t\t\t\t\t<figcaption class=\"widget-image-caption wp-caption-text\">Orador 19<\/figcaption>\n\t\t\t\t\t\t\t\t\t\t<\/figure>\n\t\t\t\t\t\t\t\t\t<\/div>\n\t\t\t\t<\/div>\n\t\t\t\t<div class=\"elementor-element elementor-element-ca1303d elementor-widget elementor-widget-text-editor\" data-id=\"ca1303d\" data-element_type=\"widget\" data-e-type=\"widget\" data-widget_type=\"text-editor.default\">\n\t\t\t\t<div class=\"elementor-widget-container\">\n\t\t\t\t\t\t\t\t\t<p style=\"text-align: justify;\"><span style=\"font-size: medium;\"><span style=\"font-family: Roboto, serif;\"><b>Dr. Salvatore Boeddu <\/b><span style=\"font-size: medium;\"><span style=\"font-family: Roboto, serif;\">- Presidente<\/span><span style=\"font-size: medium;\"><span style=\"font-family: Roboto, serif;\"><b>, ASD Scuola Calcio Polisport Nuoro<\/b><\/span><\/p>\n<p style=\"text-align: justify;\" align=\"justify\"><span style=\"font-family: Roboto, serif;\"><span style=\"font-size: medium;\">Responsable de Programaci\u00f3n y Jefe del <span style=\"font-family: Roboto, serif;\"><span style=\"font-size: medium;\"><b>Centro Europeo de Informaci\u00f3n EDIC Municipio de Nuoro<\/b><\/span><\/p>\n<p style=\"text-align: justify;\"><span style=\"font-family: Roboto, serif;\"><span style=\"font-size: medium;\">Salvatore desempe\u00f1a diversas funciones: - Decano de informaci\u00f3n y comunicaci\u00f3n sobre la Uni\u00f3n - Europea, funcionario de administraci\u00f3n local, - Experto en educaci\u00f3n para la ciudadan\u00eda europea, funcionario universal, Director de escuela de f\u00fatbol. <\/span><\/p>\n<p style=\"text-align: justify;\"><span style=\"font-family: Roboto, serif;\"><span style=\"font-size: medium;\">La ASD Scuola Calcio Polisport Nuoro, de la que es presidente, participa en Erasmus+ y Salvatore tiene experiencia en movilidad Erasmus+, como la puesta en pr\u00e1ctica del Intercambio Juvenil en el \u00e1mbito deportivo.<\/span><\/span><\/p>\t\t\t\t\t\t\t\t<\/div>\n\t\t\t\t<\/div>\n\t\t\t\t\t<\/div>\n\t\t<\/div>\n\t\t\t\t<div class=\"elementor-column elementor-col-33 elementor-top-column elementor-element elementor-element-60a07b6\" data-id=\"60a07b6\" data-element_type=\"column\" data-e-type=\"column\">\n\t\t\t<div class=\"elementor-widget-wrap elementor-element-populated\">\n\t\t\t\t\t\t<div class=\"elementor-element elementor-element-6a050f8 elementor-widget elementor-widget-image\" data-id=\"6a050f8\" data-element_type=\"widget\" data-e-type=\"widget\" data-widget_type=\"image.default\">\n\t\t\t\t<div class=\"elementor-widget-container\">\n\t\t\t\t\t\t\t\t\t\t\t\t<figure class=\"wp-caption\">\n\t\t\t\t\t\t\t\t\t\t<img loading=\"lazy\" decoding=\"async\" width=\"1024\" height=\"1024\" src=\"https:\/\/mvngosportbranch.org\/wp-content\/uploads\/2021\/12\/Logo_cpmes_verticale_Tavola-disegno-1-1024x1024.jpg\" class=\"attachment-large size-large wp-image-6549\" alt=\"\" srcset=\"https:\/\/mvngosportbranch.org\/wp-content\/uploads\/2021\/12\/Logo_cpmes_verticale_Tavola-disegno-1-1024x1024.jpg 1024w, https:\/\/mvngosportbranch.org\/wp-content\/uploads\/2021\/12\/Logo_cpmes_verticale_Tavola-disegno-1-300x300.jpg 300w, https:\/\/mvngosportbranch.org\/wp-content\/uploads\/2021\/12\/Logo_cpmes_verticale_Tavola-disegno-1-150x150.jpg 150w, https:\/\/mvngosportbranch.org\/wp-content\/uploads\/2021\/12\/Logo_cpmes_verticale_Tavola-disegno-1-768x768.jpg 768w, https:\/\/mvngosportbranch.org\/wp-content\/uploads\/2021\/12\/Logo_cpmes_verticale_Tavola-disegno-1-1536x1536.jpg 1536w, https:\/\/mvngosportbranch.org\/wp-content\/uploads\/2021\/12\/Logo_cpmes_verticale_Tavola-disegno-1-2048x2048.jpg 2048w, https:\/\/mvngosportbranch.org\/wp-content\/uploads\/2021\/12\/Logo_cpmes_verticale_Tavola-disegno-1-128x128.jpg 128w, https:\/\/mvngosportbranch.org\/wp-content\/uploads\/2021\/12\/Logo_cpmes_verticale_Tavola-disegno-1-32x32.jpg 32w\" sizes=\"(max-width: 1024px) 100vw, 1024px\" \/>\t\t\t\t\t\t\t\t\t\t\t<figcaption class=\"widget-image-caption wp-caption-text\">Orador 20<\/figcaption>\n\t\t\t\t\t\t\t\t\t\t<\/figure>\n\t\t\t\t\t\t\t\t\t<\/div>\n\t\t\t\t<\/div>\n\t\t\t\t<div class=\"elementor-element elementor-element-ffd6dde elementor-widget elementor-widget-text-editor\" data-id=\"ffd6dde\" data-element_type=\"widget\" data-e-type=\"widget\" data-widget_type=\"text-editor.default\">\n\t\t\t\t<div class=\"elementor-widget-container\">\n\t\t\t\t\t\t\t\t\t<p style=\"text-align: justify;\"><span style=\"font-family: Roboto, serif;\"><span style=\"font-size: medium;\">Dr. <span style=\"font-family: Roboto, serif;\"><span style=\"font-size: medium;\"><b>Vince Esguerra <\/b><span style=\"font-family: Roboto, serif;\"><span style=\"font-size: medium;\">- coordinadora de investigaci\u00f3n de la facultad, instructora College<\/span><\/span><span style=\"font-family: Roboto, serif;\"><span style=\"font-size: medium;\"> de Formaci\u00f3n del Profesorado, Departamento de Educaci\u00f3n Secundaria, <span style=\"font-family: Roboto, serif;\"><span style=\"font-size: medium;\"><b>Universidad de Palawan<\/b><\/span><span style=\"font-family: Roboto, serif;\"><span style=\"font-size: medium;\">Filipinas<\/span><\/span><\/p>\n<p style=\"text-align: justify;\" align=\"justify\"><span style=\"font-family: Roboto, serif;\"><span style=\"font-size: medium;\">El profesor Esquerra imparte asignaturas \"mapeh\" entre los estudiantes de grado que cursan m\u00fasica, artes, educaci\u00f3n f\u00edsica y salud como campo de especializaci\u00f3n. Tambi\u00e9n es profesor afiliado del departamento de postgrado del CTE. Como coordinador de investigaci\u00f3n, con las actividades de investigaci\u00f3n de la unidad universitaria, ejecuta investigaciones, crea estudios de referencia de utilidad para diversos profesionales y organismos a trav\u00e9s de los resultados de la investigaci\u00f3n.<\/span><\/span><\/p>\t\t\t\t\t\t\t\t<\/div>\n\t\t\t\t<\/div>\n\t\t\t\t\t<\/div>\n\t\t<\/div>\n\t\t\t\t<div class=\"elementor-column elementor-col-33 elementor-top-column elementor-element elementor-element-bfdba25\" data-id=\"bfdba25\" data-element_type=\"column\" data-e-type=\"column\">\n\t\t\t<div class=\"elementor-widget-wrap elementor-element-populated\">\n\t\t\t\t\t\t<div class=\"elementor-element elementor-element-0996589 elementor-widget elementor-widget-image\" data-id=\"0996589\" data-element_type=\"widget\" data-e-type=\"widget\" data-widget_type=\"image.default\">\n\t\t\t\t<div class=\"elementor-widget-container\">\n\t\t\t\t\t\t\t\t\t\t\t\t<figure class=\"wp-caption\">\n\t\t\t\t\t\t\t\t\t\t<img loading=\"lazy\" decoding=\"async\" width=\"1024\" height=\"1024\" src=\"https:\/\/mvngosportbranch.org\/wp-content\/uploads\/2021\/12\/Logo_cpmes_verticale_Tavola-disegno-1-1024x1024.jpg\" class=\"attachment-large size-large wp-image-6549\" alt=\"\" srcset=\"https:\/\/mvngosportbranch.org\/wp-content\/uploads\/2021\/12\/Logo_cpmes_verticale_Tavola-disegno-1-1024x1024.jpg 1024w, https:\/\/mvngosportbranch.org\/wp-content\/uploads\/2021\/12\/Logo_cpmes_verticale_Tavola-disegno-1-300x300.jpg 300w, https:\/\/mvngosportbranch.org\/wp-content\/uploads\/2021\/12\/Logo_cpmes_verticale_Tavola-disegno-1-150x150.jpg 150w, https:\/\/mvngosportbranch.org\/wp-content\/uploads\/2021\/12\/Logo_cpmes_verticale_Tavola-disegno-1-768x768.jpg 768w, https:\/\/mvngosportbranch.org\/wp-content\/uploads\/2021\/12\/Logo_cpmes_verticale_Tavola-disegno-1-1536x1536.jpg 1536w, https:\/\/mvngosportbranch.org\/wp-content\/uploads\/2021\/12\/Logo_cpmes_verticale_Tavola-disegno-1-2048x2048.jpg 2048w, https:\/\/mvngosportbranch.org\/wp-content\/uploads\/2021\/12\/Logo_cpmes_verticale_Tavola-disegno-1-128x128.jpg 128w, https:\/\/mvngosportbranch.org\/wp-content\/uploads\/2021\/12\/Logo_cpmes_verticale_Tavola-disegno-1-32x32.jpg 32w\" sizes=\"(max-width: 1024px) 100vw, 1024px\" \/>\t\t\t\t\t\t\t\t\t\t\t<figcaption class=\"widget-image-caption wp-caption-text\">Orador 21<\/figcaption>\n\t\t\t\t\t\t\t\t\t\t<\/figure>\n\t\t\t\t\t\t\t\t\t<\/div>\n\t\t\t\t<\/div>\n\t\t\t\t<div class=\"elementor-element elementor-element-4a49aff elementor-widget elementor-widget-text-editor\" data-id=\"4a49aff\" data-element_type=\"widget\" data-e-type=\"widget\" data-widget_type=\"text-editor.default\">\n\t\t\t\t<div class=\"elementor-widget-container\">\n\t\t\t\t\t\t\t\t\t<p style=\"text-align: justify;\" align=\"justify\"><span style=\"font-family: Roboto, serif;\"><span style=\"font-size: medium;\">Dr. <\/span><\/span><span style=\"font-family: Roboto, serif;\"><span style=\"font-size: medium;\"><b>Marlon U. Saludarez<\/b><\/span><span style=\"font-family: Roboto, serif;\"><span style=\"font-size: medium;\">, <\/span><\/span><\/p>\n<p style=\"text-align: justify;\" align=\"justify\"><span style=\"font-family: Roboto, serif;\"><span style=\"font-size: medium;\">Departamento de Educaci\u00f3n Secundaria, <\/span><\/span><span style=\"font-family: Roboto, serif;\"><span style=\"font-size: medium;\"><b>Universidad de Palawan<\/b><\/span><\/span><span style=\"font-family: Roboto, serif;\"><span style=\"font-size: medium;\">Filipinas.<\/span><\/p>\n<p style=\"text-align: justify;\" align=\"justify\"><span style=\"font-family: Roboto, serif;\"><span style=\"font-size: medium;\">El Sr. Marlon U. Saludarez recibi\u00f3 su t\u00edtulo de Doctor en Trabajo de Investigaci\u00f3n (Silvicultura) de la Universidad Estatal de Nueva Vizcaya, campus de Bayombong, Bayombong, Nueva Vizzcaya en 2021, con 42 unidades en la especialidad de Educaci\u00f3n Cient\u00edfica de PHD en Biolog\u00eda en 2016 y recibi\u00f3 su t\u00edtulo de MA en Biolog\u00eda de la Universidad de Saint Mary, Bayombong, Nueva Vizcaya en 2013. Y recibi\u00f3 su licenciatura en Silvicultura de la Universidad de Filipinas Los Ba\u00f1os, Laguna en 2003. Se dedica a la investigaci\u00f3n social y del comportamiento, la educaci\u00f3n cient\u00edfica, la biodiversidad, la salud medioambiental, la biolog\u00eda de la conservaci\u00f3n y la gesti\u00f3n forestal y medioambiental.<\/span><\/span><\/p>\t\t\t\t\t\t\t\t<\/div>\n\t\t\t\t<\/div>\n\t\t\t\t\t<\/div>\n\t\t<\/div>\n\t\t\t\t\t<\/div>\n\t\t<\/section>\n\t\t\t\t<section class=\"elementor-section elementor-top-section elementor-element elementor-element-ae15d8e elementor-section-boxed elementor-section-height-default elementor-section-height-default\" data-id=\"ae15d8e\" data-element_type=\"section\" data-e-type=\"section\">\n\t\t\t\t\t\t<div class=\"elementor-container elementor-column-gap-default\">\n\t\t\t\t\t<div class=\"elementor-column elementor-col-33 elementor-top-column elementor-element elementor-element-e3dcadf\" data-id=\"e3dcadf\" data-element_type=\"column\" data-e-type=\"column\">\n\t\t\t<div class=\"elementor-widget-wrap\">\n\t\t\t\t\t\t\t<\/div>\n\t\t<\/div>\n\t\t\t\t<div class=\"elementor-column elementor-col-33 elementor-top-column elementor-element elementor-element-4553ca8\" data-id=\"4553ca8\" data-element_type=\"column\" data-e-type=\"column\">\n\t\t\t<div class=\"elementor-widget-wrap elementor-element-populated\">\n\t\t\t\t\t\t<div class=\"elementor-element elementor-element-120a364 elementor-widget elementor-widget-image\" data-id=\"120a364\" data-element_type=\"widget\" data-e-type=\"widget\" data-widget_type=\"image.default\">\n\t\t\t\t<div class=\"elementor-widget-container\">\n\t\t\t\t\t\t\t\t\t\t\t\t<figure class=\"wp-caption\">\n\t\t\t\t\t\t\t\t\t\t<img loading=\"lazy\" decoding=\"async\" width=\"200\" height=\"200\" src=\"https:\/\/mvngosportbranch.org\/wp-content\/uploads\/2021\/12\/MaikFischer.jpg\" class=\"attachment-large size-large wp-image-7452\" alt=\"\" srcset=\"https:\/\/mvngosportbranch.org\/wp-content\/uploads\/2021\/12\/MaikFischer.jpg 200w, https:\/\/mvngosportbranch.org\/wp-content\/uploads\/2021\/12\/MaikFischer-150x150.jpg 150w, https:\/\/mvngosportbranch.org\/wp-content\/uploads\/2021\/12\/MaikFischer-128x128.jpg 128w, https:\/\/mvngosportbranch.org\/wp-content\/uploads\/2021\/12\/MaikFischer-32x32.jpg 32w\" sizes=\"(max-width: 200px) 100vw, 200px\" \/>\t\t\t\t\t\t\t\t\t\t\t<figcaption class=\"widget-image-caption wp-caption-text\">Orador 22<\/figcaption>\n\t\t\t\t\t\t\t\t\t\t<\/figure>\n\t\t\t\t\t\t\t\t\t<\/div>\n\t\t\t\t<\/div>\n\t\t\t\t<div class=\"elementor-element elementor-element-41b6862 elementor-widget elementor-widget-text-editor\" data-id=\"41b6862\" data-element_type=\"widget\" data-e-type=\"widget\" data-widget_type=\"text-editor.default\">\n\t\t\t\t<div class=\"elementor-widget-container\">\n\t\t\t\t\t\t\t\t\t<p style=\"text-align: justify;\"><span style=\"font-family: Roboto, serif;\"><span style=\"font-size: medium;\">Prof. <span style=\"font-family: Roboto, serif;\"><span style=\"font-size: medium;\"><b>Maik Fischer<\/b><span style=\"font-family: Roboto, serif;\"><span style=\"font-size: medium;\"> - Responsable del Servicio TrENDi Start-up y de la Coordinaci\u00f3n de Proyectos 'Sostenibilidad, Emprendimiento y Deporte' en <span style=\"font-family: Roboto, serif;\"><span style=\"font-size: medium;\"><b>Universidad de Vechta,<\/b><span style=\"font-family: Roboto, serif;\"><span style=\"font-size: medium;\"> propietario <span style=\"font-family: Roboto serif;\"><span style=\"font-size: medium;\"><b>Visi\u00f3n Domhan<\/b><span style=\"font-family: Roboto, serif;\"><span style=\"font-size: medium;\">Alemania<\/span><\/p>\n<p style=\"text-align: justify;\" align=\"justify\"><span style=\"font-family: Roboto, serif;\"><span style=\"font-size: medium;\">Maik tiene un m\u00e1ster en Administraci\u00f3n de Empresas y Econom\u00eda y una amplia experiencia en el \u00e1mbito empresarial y deportivo. Lleva m\u00e1s de diez a\u00f1os trabajando en el sector del f\u00fatbol. Trabaj\u00f3 para el Rangers FC de Glasgow y el Watford FC de la Premier League inglesa. En ambos clubes mantuvo estrechos v\u00ednculos con los Departamentos Comunitarios y en el Watford form\u00f3 parte del galardonado equipo Community Trust. En Alemania, Maik trabaj\u00f3 tambi\u00e9n para varios clubes de f\u00fatbol (por ejemplo, Hamburgo, Hertha de Berl\u00edn y Werder Bremen, etc.). Despu\u00e9s de pasar alg\u00fan tiempo con el departamento \"Arsenal in the Community\" en Londres, Maik desempe\u00f1\u00f3 un papel fundamental en la creaci\u00f3n de la filial ben\u00e9fica de Domhan Vision \"GO-and-DO.it Foundation\". <\/span><\/span><\/p>\t\t\t\t\t\t\t\t<\/div>\n\t\t\t\t<\/div>\n\t\t\t\t\t<\/div>\n\t\t<\/div>\n\t\t\t\t<div class=\"elementor-column elementor-col-33 elementor-top-column elementor-element elementor-element-370af2c\" data-id=\"370af2c\" data-element_type=\"column\" data-e-type=\"column\">\n\t\t\t<div class=\"elementor-widget-wrap\">\n\t\t\t\t\t\t\t<\/div>\n\t\t<\/div>\n\t\t\t\t\t<\/div>\n\t\t<\/section>\n\t\t\t\t<\/div>","protected":false},"excerpt":{"rendered":"<p>Speaker 1 Luciano di Fonzo \u2013 Deputy Head of the Sport Unit Education, Audiovisual and Culture Executive Agency (EACEA) Speaker [&hellip;]<\/p>\n","protected":false},"author":1,"featured_media":0,"parent":4581,"menu_order":0,"comment_status":"closed","ping_status":"closed","template":"","meta":{"inline_featured_image":false,"ocean_front_end_style_editor":"no","ocean_post_layout":"","ocean_both_sidebars_style":"","ocean_both_sidebars_content_width":0,"ocean_both_sidebars_sidebars_width":0,"ocean_sidebar":"","ocean_second_sidebar":"","ocean_disable_margins":"enable","ocean_add_body_class":"","ocean_shortcode_before_top_bar":"","ocean_shortcode_after_top_bar":"","ocean_shortcode_before_header":"","ocean_shortcode_after_header":"","ocean_has_shortcode":"","ocean_shortcode_after_title":"","ocean_shortcode_before_footer_widgets":"","ocean_shortcode_after_footer_widgets":"","ocean_shortcode_before_footer_bottom":"","ocean_shortcode_after_footer_bottom":"","ocean_display_top_bar":"default","ocean_display_header":"default","ocean_header_style":"","ocean_center_header_left_menu":"","ocean_custom_header_template":"","ocean_custom_logo":0,"ocean_custom_retina_logo":0,"ocean_custom_logo_max_width":0,"ocean_custom_logo_tablet_max_width":0,"ocean_custom_logo_mobile_max_width":0,"ocean_custom_logo_max_height":0,"ocean_custom_logo_tablet_max_height":0,"ocean_custom_logo_mobile_max_height":0,"ocean_header_custom_menu":"","ocean_menu_typo_font_family":"","ocean_menu_typo_font_subset":"","ocean_menu_typo_font_size":0,"ocean_menu_typo_font_size_tablet":0,"ocean_menu_typo_font_size_mobile":0,"ocean_menu_typo_font_size_unit":"px","ocean_menu_typo_font_weight":"","ocean_menu_typo_font_weight_tablet":"","ocean_menu_typo_font_weight_mobile":"","ocean_menu_typo_transform":"","ocean_menu_typo_transform_tablet":"","ocean_menu_typo_transform_mobile":"","ocean_menu_typo_line_height":0,"ocean_menu_typo_line_height_tablet":0,"ocean_menu_typo_line_height_mobile":0,"ocean_menu_typo_line_height_unit":"","ocean_menu_typo_spacing":0,"ocean_menu_typo_spacing_tablet":0,"ocean_menu_typo_spacing_mobile":0,"ocean_menu_typo_spacing_unit":"","ocean_menu_link_color":"","ocean_menu_link_color_hover":"","ocean_menu_link_color_active":"","ocean_menu_link_background":"","ocean_menu_link_hover_background":"","ocean_menu_link_active_background":"","ocean_menu_social_links_bg":"","ocean_menu_social_hover_links_bg":"","ocean_menu_social_links_color":"","ocean_menu_social_hover_links_color":"","ocean_disable_title":"default","ocean_disable_heading":"default","ocean_post_title":"","ocean_post_subheading":"","ocean_post_title_style":"","ocean_post_title_background_color":"","ocean_post_title_background":0,"ocean_post_title_bg_image_position":"","ocean_post_title_bg_image_attachment":"","ocean_post_title_bg_image_repeat":"","ocean_post_title_bg_image_size":"","ocean_post_title_height":0,"ocean_post_title_bg_overlay":0.5,"ocean_post_title_bg_overlay_color":"","ocean_disable_breadcrumbs":"default","ocean_breadcrumbs_color":"","ocean_breadcrumbs_separator_color":"","ocean_breadcrumbs_links_color":"","ocean_breadcrumbs_links_hover_color":"","ocean_display_footer_widgets":"default","ocean_display_footer_bottom":"default","ocean_custom_footer_template":"","footnotes":""},"categories":[],"tags":[],"class_list":["post-5439","page","type-page","status-publish","hentry","entry"],"_links":{"self":[{"href":"https:\/\/mvngosportbranch.org\/es\/wp-json\/wp\/v2\/pages\/5439","targetHints":{"allow":["GET"]}}],"collection":[{"href":"https:\/\/mvngosportbranch.org\/es\/wp-json\/wp\/v2\/pages"}],"about":[{"href":"https:\/\/mvngosportbranch.org\/es\/wp-json\/wp\/v2\/types\/page"}],"author":[{"embeddable":true,"href":"https:\/\/mvngosportbranch.org\/es\/wp-json\/wp\/v2\/users\/1"}],"replies":[{"embeddable":true,"href":"https:\/\/mvngosportbranch.org\/es\/wp-json\/wp\/v2\/comments?post=5439"}],"version-history":[{"count":0,"href":"https:\/\/mvngosportbranch.org\/es\/wp-json\/wp\/v2\/pages\/5439\/revisions"}],"up":[{"embeddable":true,"href":"https:\/\/mvngosportbranch.org\/es\/wp-json\/wp\/v2\/pages\/4581"}],"wp:attachment":[{"href":"https:\/\/mvngosportbranch.org\/es\/wp-json\/wp\/v2\/media?parent=5439"}],"wp:term":[{"taxonomy":"category","embeddable":true,"href":"https:\/\/mvngosportbranch.org\/es\/wp-json\/wp\/v2\/categories?post=5439"},{"taxonomy":"post_tag","embeddable":true,"href":"https:\/\/mvngosportbranch.org\/es\/wp-json\/wp\/v2\/tags?post=5439"}],"curies":[{"name":"wp","href":"https:\/\/api.w.org\/{rel}","templated":true}]}}